{"id":2,"date":"2012-12-01T09:05:42","date_gmt":"2012-12-01T09:05:42","guid":{"rendered":"http:\/\/estudiosgenealogicos.org\/alejandrarivera\/?page_id=2"},"modified":"2019-08-05T19:49:32","modified_gmt":"2019-08-05T19:49:32","slug":"bioeticayvalores","status":"publish","type":"page","link":"https:\/\/estudiosgenealogicos.org\/alejandrarivera\/bioeticayvalores\/","title":{"rendered":"Bio\u00e9tica y Valores\/2019-2\/UACM"},"content":{"rendered":"<p style=\"text-align: center\"><strong>Universidad Aut\u00f3noma de la Ciudad de M\u00e9xico<\/strong><\/p>\n<p style=\"text-align: center\"><strong>Colegio de Ciencias y Humanidades<\/strong><\/p>\n<p style=\"text-align: center\"><strong>Licenciatura en Promoci\u00f3n de la Salud<\/strong><\/p>\n<p style=\"text-align: center\"><strong>Bio\u00e9tica y Valores<\/strong><\/p>\n<p style=\"text-align: center\"><strong>2019-II<\/strong><\/p>\n<p style=\"text-align: center\"><strong>\u00a0<\/strong><\/p>\n<p style=\"text-align: center\"><strong>Alejandra Rivera Quintero<\/strong><\/p>\n<p><strong>Introducci\u00f3n<\/strong><\/p>\n<p>El programa de Bio\u00e9tica y Valores forma parte del plan curricular en la licenciatura en Promoci\u00f3n de la Salud, que en el octavo semestre perfila al estudiante hacia el pleno reconocimiento de su campo disciplinar y laboral. Por ello, la materia de Bio\u00e9tica y Valores pretende brindar un panorama bio\u00e9tico del \u00e1mbito profesional, siempre dentro de un marco cr\u00edtico del contexto social \u2013tanto global como inmediato\u2013 en el que se circunscribe su labor.<\/p>\n<p>Ante la compleja realidad sociocultural, econ\u00f3mica y pol\u00edtica prevaleciente en M\u00e9xico y en Am\u00e9rica Latina, el futuro Promotor de la Salud requiere hacerse de herramientas conceptuales y actitudinales que le permitan identificar, comprender y ponderar cabalmente los valores que guiar\u00e1n su quehacer, mismo que se encuentra vinculado con la atenci\u00f3n directa a grupos vulnerables, con el desarrollo e implementaci\u00f3n de pol\u00edticas en salud y con la difusi\u00f3n y promoci\u00f3n de pr\u00e1cticas saludables en contextos comunitarios. En ese sentido, y en la medida en que su \u00e1mbito profesional se encuentra asociado con el cuidado de la vida en su sentido m\u00e1s lato, una perspectiva bio\u00e9tica de los m\u00e1s grandes retos y problemas en salud a los que nos enfrentamos actualmente resulta indispensable para su formaci\u00f3n universitaria.<\/p>\n<p>Con esta materia se cierra un ciclo de reflexiones iniciado en semestres previos, por lo que en ella se pondr\u00e1n en juego m\u00faltiples conocimientos adquiridos en otras asignaturas a lo largo de la carrera. Esos concimientos ser\u00e1n problematizados dentro de un marco bio\u00e9tico que invite al estudiante a reflexionar sobre sus propias pr\u00e1cticas \u2013e incluso sus valores y creencias\u2013 como profesionista en el campo de la Promoci\u00f3n de la Salud. Para ello es imprescindible que el estudiante fortalezca aquellas actitudes que le permitan tomar posiciones conscientes y responsables como profesional de la salud ante los dilemas que plantea la bio\u00e9tica, y que sea capaz de reconocer y comprender posturas distintas a la suya a partir de las argumentaciones que les dan sentido.<\/p>\n<p>Una actitud que permita comprender consciente y responsablemente diferentes posturas \u00e9ticas debe a su vez estar basada en el reconocimiento y la valoraci\u00f3n de los sujetos como seres con voz y criterio propio. El eje fundamental que posibilita tal actitud consiste en la capacidad de considerar al <em>otro<\/em> como un ser aut\u00f3nomo, libre y responsable de su propio devenir. Ese <em>otro sujeto<\/em> no puede ser desestimado en la construcci\u00f3n de los argumentos ni en las decisiones y acciones que constituyen el quehacer de un promotor de la salud egresado de la UACM. Por todo lo anterior es indispensable que el estudiante que curse esta materia haya participado previamente de la reflexi\u00f3n sobre el sujeto y la subjetividad, fomentada en las materias impartidas por la Academia de Psicolog\u00eda. Por otro lado, es importante que el estudiante comprenda nociones b\u00e1sicas del campo biom\u00e9dico y, por \u00faltimo, es tambi\u00e9n recomendable que el estudiante haya cursado aquellas materias que dimensionan el aspecto social y pol\u00edtico de la salud dentro de su plan de estudios.<\/p>\n<p><strong>Justificaci\u00f3n<\/strong><\/p>\n<p>Consideramos que una de las tareas fundamentales de la Promoci\u00f3n de la Salud consiste en implementar acciones que posibiliten un cambio en la concepci\u00f3n misma de la salud para que \u00e9sta se dimensione como parte irrenunciable de la dignidad humana<a href=\"#_ftn1\" name=\"_ftnref1\">[1]<\/a>. Si bien la dignidad humana debiese ser entendida como un concepto atribuible universalmente a los seres humanos, bien sabido es que en todos los per\u00edodos de la historia se han librado luchas por el reconocimiento de los derechos sociales y pol\u00edticos de distintos grupos. En ese sentido, la Promoci\u00f3n de la Salud puede servir como una herramienta que ayude a erradicar las pr\u00e1cticas que hacen de la salud una mercanc\u00eda y que, en su lugar, la coloque como un derecho humano inalienable, situada como parte constitutiva del concepto de dignidad huamana.<\/p>\n<p>Por otra parte, la importancia de que el promotor de la salud enriquezca su ejercicio profesional a partir de la reflexi\u00f3n que brinda la bio\u00e9tica radica en que su labor est\u00e1 imbricada en la responsabilidad social del uso de sus saberes. Cuando los profesionales de la salud se colocan ante las problem\u00e1ticas propias de su campo profesional, con frecuencia se enfrentan al hecho de que sus actos tienen implicaciones \u00e9ticas que no se logran solventar con el conocimiento cient\u00edfico-t\u00e9cnico en su estado \u201cpuro\u201d. As\u00ed pues, los dilemas bio\u00e9ticos se presentan como disyuntivas complejas sobre las que el futuro promotor de la salud deber\u00e1 posicionarse, sabiendo adem\u00e1s que su proceder cobrar\u00e1 un sentido u otro de acuerdo a los par\u00e1metros morales de los actores implicados, y que, adem\u00e1s, su ejercicio deber\u00e1 apegarse a ciertos c\u00f3digos y normativas, pues en sus manos est\u00e1 el cuidado de la salud \u2013y por ende, de la vida\u2013 de los sujetos y las poblaciones. Como agente activo, cr\u00edtico y propositivo, el promotor de la salud deber\u00e1 comprender y reflexionar no s\u00f3lo los principales dilemas bio\u00e9ticos a los cuales se enfrentar\u00e1, sino tambi\u00e9n deber\u00e1 dominar la normatividad que sustenta y justifica sus acciones puntuales, a la vez que fomenta a trav\u00e9s de su actuar una conciencia propositiva de respeto hacia el otro, que contribuya positivamente a la transformaci\u00f3n de la realidad social de la que forma parte. No obstante lo anterior, este curso no se presenta como un manual de acci\u00f3n ni como un c\u00f3digo deontol\u00f3gico para la profesi\u00f3n, pues ello le restar\u00eda riqueza en contenidos y perspectivas a la materia. Se espera, por el contrario, que el estudiante adquiera herramientas que le permitan posicionarse ante estos y otros dilemas, a trav\u00e9s de la reflexi\u00f3n de la dimensi\u00f3n \u00e9tica y bio\u00e9tica de su quehacer.<\/p>\n<p><strong>Protocolo general del curso<\/strong><\/p>\n<p>La materia de Bio\u00e9tica y Valores forma parte del Plan de Estudios de la Licenciatura en Promoci\u00f3n de la Salud. Tiene un car\u00e1cter indispensable y est\u00e1 dise\u00f1ada como seminario-taller. La asignatura se divide en dos sesiones semanales: una sesi\u00f3n de hora y media y una sesi\u00f3n de tres horas, sumando un total de 72 horas de clase en aula divididas en 16 semanas al semestre. Adicionalmente, la materia requiere que el estudiante dedique en promedio 4 horas de estudio independiente a la semana.<\/p>\n<p>El programa de la materia est\u00e1 dividido en tres unidades; a su vez, las unidades est\u00e1n organizadas de manera secuencial, por lo que es recomendable cubrir por lo menos con el <strong>80% de asistencia al curso<\/strong>.<\/p>\n<p><strong>Prop\u00f3sito General<\/strong><\/p>\n<p>Al finalizar el curso, el estudiante ser\u00e1 capaz de reflexionar y analizar temas concernientes a la Promoci\u00f3n de la Salud desde una perspectiva bio\u00e9tica y podr\u00e1 argumentar su posicionamiento ante dilemas bio\u00e9ticos a partir de una conciencia \u00e9tica profesional y social, fundamentada sobre los principios de la bio\u00e9tica.<\/p>\n<p><strong>\u00a0<\/strong><\/p>\n<p><strong>Prop\u00f3sitos espec\u00edficos<\/strong><\/p>\n<p>Al terminar el curso de Bio\u00e9tica y Valores, el estudiante:<\/p>\n<ol>\n<li>Distinguir\u00e1 la dimensi\u00f3n moral como una parte constitutiva de la experiencia humana.<\/li>\n<li>Identificar\u00e1 algunas de las principales corrientes \u00e9ticas, sus fuentes hist\u00f3ricas y sus postulados centrales.<\/li>\n<li>Discernir\u00e1 el campo de acci\u00f3n de la bio\u00e9tica y sus desarrollos a lo largo de los siglos XX y XXI.<\/li>\n<li>Analizar\u00e1 una serie de dilemas bio\u00e9ticos desde diferentes perspectivas.<\/li>\n<li>Identificar\u00e1 los c\u00f3digos y las normativas bio\u00e9ticas que orientan el quehacer de los profesionistas de la salud.<\/li>\n<\/ol>\n<p><strong>Metodolog\u00eda general<\/strong><\/p>\n<p>&#8211; <strong>Conocimientos previos:<\/strong><\/p>\n<p>El curso de Bio\u00e9tica y Valores tiene como <strong>antecedentes indispensables<\/strong> los contenidos abordados en las materias de Introducci\u00f3n a la Metodolog\u00eda de la Investigaci\u00f3n (IMI), Crecimiento y Desarrollo I y II, y Psicolog\u00eda Social I y II. Es deseable que el estudiante haya cursado tambi\u00e9n las materias de Cuerpo Humano I y II y Farmacolog\u00eda, as\u00ed como las asignaturas de Salud P\u00fablica I, II y III, Sistemas de Salud, Pol\u00edticas y Planes de Salud y Salud Comunitaria I y II. De manera transversal, los contenidos de la materia de Bio\u00e9tica y Valores se vinculan con las materias de Legislaci\u00f3n Sanitaria, Salud Comunitaria III, Promoci\u00f3n de la Salud II y Administraci\u00f3n para la Salud.<\/p>\n<p>As\u00ed tambi\u00e9n, para cursar la materia es <strong>indispensable<\/strong> que el estudiante posea habilidades de <strong>lectura de textos acad\u00e9micos, capacidad de s\u00edntesis y de abstracci\u00f3n y buena redacci\u00f3n<\/strong>. Por ello se recomienda que el estudiante haya aprobado el Taller de Expresi\u00f3n Oral y Escrita del Programa de Integraci\u00f3n, y si es posible, que haya cursado de manera complementaria las materias de Lenguaje y Pensamiento I y II.<\/p>\n<ul>\n<li><strong>Formas de evaluaci\u00f3n:<\/strong><\/li>\n<\/ul>\n<p>Al comienzo del semestre, el estudiante deber\u00e1 realizar una <strong>evaluaci\u00f3n diagn\u00f3stica<\/strong> sobre los conocimientos previos indispensables para la materia. Si el estudiante aprueba satisfactoriamente la evaluaci\u00f3n diagn\u00f3stica, podr\u00e1 continuar con el curso. En caso de que el estudiante no apruebe la evaluaci\u00f3n diagn\u00f3stica, se le podr\u00e1 recomendar acudir a asesor\u00edas complementarias, o bien, dar de baja el curso y cubrir las materias indispensables.<\/p>\n<p>Al finalizar cada unidad, el estudiante deber\u00e1 realizar una <strong>evaluaci\u00f3n formativa<\/strong> dise\u00f1ada para que obtenga una retroalimentaci\u00f3n de su proceso de aprendizaje. Las evaluaciones formativas est\u00e1n tambi\u00e9n orientadas a que el estudiante pueda integrar a lo largo del semestre nociones y conceptos a desarrollar en el instrumento de certificaci\u00f3n de la materia.<\/p>\n<p>El <strong>instrumento de certificaci\u00f3n<\/strong> del curso de Bio\u00e9tica y Valores consiste en un ensayo individual (10 cuartillas como m\u00e1ximo) en el que el estudiante deber\u00e1 elegir, delimitar, analizar y problematizar un dilema bio\u00e9tico de su inter\u00e9s. En dicho ensayo el estudiante deber\u00e1 explicitar tambi\u00e9n su postura personal y profesional ante el dilema, vali\u00e9ndose para ello de las herramientas te\u00f3ricas y conceptuales adquiridas en el curso. Las caracter\u00edsticas de formato del ensayo ser\u00e1n descritas por la profesora en una sesi\u00f3n espec\u00edfica dentro de la tercera unidad.<\/p>\n<ul>\n<li><strong>Metodolog\u00eda did\u00e1ctica:<\/strong><\/li>\n<\/ul>\n<p>Al ser un curso-taller, se espera que los estudiantes participen activamente en el desarrollo de las sesiones. Cada unidad viene acompa\u00f1ada de un conjunto de lecturas indispensables que el estudiante deber\u00e1 leer y sistematizar. Cada sesi\u00f3n ser\u00e1 coordinada por la profesora, quien presentar\u00e1 los elementos centrales que se discutir\u00e1n grupalmente. De acuerdo a las posibilidades del semestre, las sesiones se podr\u00e1n acompa\u00f1ar de ejercicios de debate, an\u00e1lisis de pel\u00edculas, exposiciones grupales, visitas a museos y una salida a campo.<\/p>\n<p><strong>\u00a0<\/strong><\/p>\n<p><strong>\u00a0<\/strong><\/p>\n<p><strong>\u00a0<\/strong><\/p>\n<p><strong>Temario: <\/strong><\/p>\n<p><strong>Unidad 1. La \u00e9tica y el estudio de la moral.<\/strong><\/p>\n<ul>\n<li>Ethos: instinto vs. Cultura.<\/li>\n<li>Del instinto animal a la moral cultural.<\/li>\n<li>Culpa y religi\u00f3n.<\/li>\n<li>Relativismo cultural.<\/li>\n<\/ul>\n<p>1.2. Moral y \u00c9tica.<\/p>\n<p>1.3. Breve marco hist\u00f3rico de la \u00e9tica en el pensamiento filos\u00f3fico:<\/p>\n<ul>\n<li>El pensamiento cl\u00e1sico: Plat\u00f3n y Arist\u00f3teles.<\/li>\n<li>La construcci\u00f3n de los imperativos categ\u00f3ricos: Kant.<\/li>\n<li>M\u00e1s all\u00e1 de la moral: Nietzsche.<\/li>\n<li>Posturas contempor\u00e1neas en la \u00e9tica: Arendt, Foucault, Butler.<\/li>\n<\/ul>\n<p><strong>\u00a0<\/strong><\/p>\n<p><strong>Objetivo:<\/strong> El estudiante realizar\u00e1 un an\u00e1lisis de un fen\u00f3meno moral apoy\u00e1ndose en el pensamiento de alguno de los autores revisados en la unidad.<\/p>\n<p><strong>Prop\u00f3sitos de aprendizaje: <\/strong>El estudiante ser\u00e1 capaz de seleccionar un tema y argumentar en un escrito breve (m\u00e1ximo 3 cuartillas) por qu\u00e9 dicho tema es de la incumbencia de la \u00e9tica, para ello deber\u00e1:<\/p>\n<ol>\n<li>Definir y analizar las nociones de instinto, moral, \u00e9tica y relativismo cultural.<\/li>\n<li>Establecer la relaci\u00f3n entre estos conceptos y el tema elegido.<\/li>\n<\/ol>\n<p><strong>Unidad 2. La bio\u00e9tica como disciplina contempor\u00e1nea.<\/strong><\/p>\n<p>2.1. Marco hist\u00f3rico del surgimiento de la bio\u00e9tica.<\/p>\n<p>2.2. La bio\u00e9tica como \u00e1mbito de cruces disciplinares.<\/p>\n<p>2.3. Principios de la bio\u00e9tica: Autonom\u00eda, justicia, beneficencia, no maleficencia.<\/p>\n<p>2.4. Dignidad y persona humana.<\/p>\n<p><strong>Objetivo: <\/strong>El estudiante lograr\u00e1 dimensionar el contexto hist\u00f3rico en el que surgi\u00f3 la bio\u00e9tica en tanto disciplina contempor\u00e1nea, y ser\u00e1 capaz de distinguir las perspectivas principalistas y personalistas.<\/p>\n<p><strong>Prop\u00f3sitos de aprendizaje:<\/strong> Al finalizar la unidad, el estudiante deber\u00e1 organizar junto con el grupo un debate sobre un tema acordado previamente. Para sostener el debate, es necesario que el estudiante reconozca los conceptos de bio\u00e9tica, autonom\u00eda, justicia, beneficencia, no maleficencia, dignidad y persona humana.<\/p>\n<p><strong>Unidad 3. Dilemas contempor\u00e1neos de la bio\u00e9tica. <\/strong><\/p>\n<p>3.1. Relaci\u00f3n m\u00e9dico paciente.<\/p>\n<ul>\n<li>Tipos de relaci\u00f3n m\u00e9dico-paciente.<\/li>\n<li>Confidencialidad en la informaci\u00f3n m\u00e9dica.<\/li>\n<li>Experimentaci\u00f3n humana y comit\u00e9s bio\u00e9ticos en investigaci\u00f3n.<\/li>\n<li>Normativas y c\u00f3digos vinculados: Juramento Hipocr\u00e1tico, C\u00f3digo de N\u00fcremberg, Informe Belmont, Declaraci\u00f3n de Lisboa de la AMM sobre los derechos de los pacientes.<\/li>\n<\/ul>\n<p>3.2. Bio\u00e9tica, salud y enfermedad de grupos vulnerables.<\/p>\n<ul>\n<li>Consumo y legalizaci\u00f3n de las drogas.<\/li>\n<li>Pacientes con VIH\/SIDA.<\/li>\n<li>Violencia obst\u00e9trica.<\/li>\n<li>Normativas y c\u00f3digos vinculados: Declaraci\u00f3n de la AMM sobre las Responsabilidades de los M\u00e9dicos en la Prevenci\u00f3n y el Tratamiento del Abuso de Drogas Psicotr\u00f3picas y Opiadas, Declaraci\u00f3n provisoria de la AMM sobre el SIDA\/VIH (Sud\u00e1frica, 2006), Recomendaci\u00f3n general No. 31\/2017 de la CNDH sobre la violencia obst\u00e9trica en el Sistema Nacional de Salud.<\/li>\n<\/ul>\n<p>3.3. Dilemas sobre los l\u00edmites de la vida.<\/p>\n<ul>\n<li>Aborto<\/li>\n<li>Eutanasia<\/li>\n<li>Suicidio asistido.<\/li>\n<li>Normativas y c\u00f3digos vinculados: Declaraci\u00f3n de Oslo (manifiesto sobre el aborto terap\u00e9utico), Resoluci\u00f3n de la AMM sobre eutanasia (Washington, 2002)<\/li>\n<\/ul>\n<p>3.4. Bio\u00e9tica y Biopol\u00edtica.<\/p>\n<p><strong>Otros posibles dilemas a discusi\u00f3n<\/strong><strong>: <\/strong>Clonaci\u00f3n e ingenier\u00eda gen\u00e9tica, maternidad subrogada, medicamentos transg\u00e9nicos, trasplantes y cirug\u00edas est\u00e9ticas, discapacidad, identidad y preferencia sexual, reproducci\u00f3n asistida, vejez, medio ambiente, entre otros.<\/p>\n<p><strong>Objetivo: <\/strong>El estudiante discutir\u00e1 y argumentar\u00e1 los diferentes factores que deben tomarse en cuenta para la construcci\u00f3n de una postura bio\u00e9tica ante alguno de los temas expuestos y realizar\u00e1 un escrito donde quede plasmado su posicionamiento como promotor de la salud.<\/p>\n<p><strong>Prop\u00f3sitos de aprendizaje: <\/strong>El estudiante identificar\u00e1 las distintas posturas que se confrontan en el an\u00e1lisis de los dilemas bio\u00e9ticos presentados. Deber\u00e1 elaborar un escrito sobre un tema de su elecci\u00f3n en el que argumente cu\u00e1l es su postura ante el dilema, para ello deber\u00e1 valerse de los conceptos clave del curso.<\/p>\n<p><strong>\u00a0<\/strong><\/p>\n<p>Bibliograf\u00eda:<\/p>\n<p>ARENDT, Hannah, <em>Eichmann en Jerusal\u00e9n: un estudio sobre la banalidad del mal<\/em>, De Bolsillo: M\u00e9xico, 2016.<\/p>\n<p>ARIST\u00d3TELES, <em>\u00c9tica nicom\u00e1quea, <\/em>Gredos: Espa\u00f1a, 1985<em>.<\/em><\/p>\n<p>BUTLER, Judith, <em>Marcos de guerra, Las vidas lloradas<\/em>, Paid\u00f3s: M\u00e9xico, 2010.<\/p>\n<p>CORTINA, Adela, <em>\u00c9tica M\u00ednima: Introducci\u00f3n a la filosof\u00eda pr\u00e1ctica<\/em>, Tecnos: Madrid, 2000.<\/p>\n<p>FOUCAULT, Michel, \u00abAcerca de la genealog\u00eda de la \u00e9tica\u00bb<em>, en La inquietud por la verdad<\/em>, Siglo XXI: Argentina, 2013.<\/p>\n<p>_________________, <em>Historia de la Sexualidad,<\/em> <em>Vol. I<\/em>., Siglo XXI: M\u00e9xico, 2006.<\/p>\n<p>FREUD, Sigmund.<em> El malestar en la cultura, en: Obras Completas, Vol. 21, <\/em>Amorrortu: Buenos Aires, 1991.<\/p>\n<p><em>_____________, T\u00f3tem y Tab\u00fa, en: Obras completas, Vol. XIII, <\/em>Amorrortu: Buenos Aires, 1991.<\/p>\n<p>GONZ\u00c1LEZ, Juliana (coord.), <em>Bio\u00e9tica, concepto y m\u00e9todos<\/em>, Fondo de Cultura Econ\u00f3mica: M\u00e9xico, 2013.<\/p>\n<p>HOTTOIS, Gilbert<em>, \u00bfQu\u00e9 es la bio\u00e9tica?, <\/em>Vrin: Bogot\u00e1, 2007.<\/p>\n<p>KANT, Immanuel, <em>Fundamentaci\u00f3n de la metaf\u00edsica de las costumbres<\/em>, Creative Commons, Ed. Pedro M. Rosario Barbosa: Puerto Rico, 2007.<\/p>\n<p>KRAUS, Arnoldo y P\u00c9REZ TAMAYO, Ruy, <em>Diccionario incompleto de bio\u00e9tica<\/em>, Taurus: M\u00e9xico, 2007.<\/p>\n<p>NIETZSCHE, Friedrich<em>,<\/em> <em>La genealog\u00eda de la moral<\/em>, Alianza: Madrid, 2011.<\/p>\n<p>OCAMPO y MART\u00cdNEZ, \u201cBio\u00e9tica y VIH\/SIDA\u201d, en: Anales m\u00e9dicos, p\u00e1g. 136-140.<\/p>\n<p>PLAT\u00d3N, <em>Crit\u00f3n, o del deber<\/em>, en: <em>Di\u00e1logos III<\/em>. Gredos: Espa\u00f1a, 1988.<\/p>\n<p>RACHELS, James, <em>Introducci\u00f3n a la filosof\u00eda moral<\/em>, FCE: M\u00e9xico, 2006.<\/p>\n<p>S\u00c1NCHEZ V., Adolfo, <em>Objeto de la \u00e9tica, problemas morales y problemas \u00e9ticos<\/em>, Recurso disponible en: https:\/\/etikhe.files.wordpress.com\/2014\/11\/objeto-de-la-c3a9tica.pdf<\/p>\n<p><em>\u00a0<\/em><\/p>\n<p><a href=\"#_ftnref1\" name=\"_ftn1\">[1]<\/a> Asimismo, de acuerdo a Hierro, \u201cla funci\u00f3n de la \u00e9tica aplicada en la vida cotidiana es desarrollar la comprensi\u00f3n racional de los problemas morales y aumentar las posibilidades inteligentes de darles soluci\u00f3n. [\u2026] Pensamos que la investigaci\u00f3n \u00e9tica \u2013en muchos casos- constituye la condici\u00f3n de posibilidad de elevarse de una conducta autom\u00e1tica, que meramente cumple las normas impuestas de acuerdo a la aprobaci\u00f3n y desaprobaci\u00f3n del ambiente inmediato, hasta alcanzar el ideal de conciencia moral fuerte que decide actuar de acuerdo con criterios racionales y anhelos de la vida propios.\u201d Hierro, <em>\u00c9tica de la Libertad<\/em>, Torres Asociados Editores, M\u00e9xico: 1993. P\u00e1g. 24. En ese sentido, el estudiante de Promoci\u00f3n de la salud no solo requiere de un conocimiento pasivo de la \u00e9tica, sino que tambi\u00e9n requiere de una reflexi\u00f3n orientada a enriquecer y contrastar sus experiencias personales ante dilemas \u00e9ticos en su vida.<\/p>\n","protected":false},"excerpt":{"rendered":"<p>Universidad Aut\u00f3noma de la Ciudad de M\u00e9xico Colegio de Ciencias y Humanidades Licenciatura en Promoci\u00f3n de la Salud Bio\u00e9tica y Valores 2019-II \u00a0 Alejandra Rivera Quintero Introducci\u00f3n El programa de Bio\u00e9tica y Valores forma parte del plan curricular en la &hellip; <a href=\"https:\/\/estudiosgenealogicos.org\/alejandrarivera\/bioeticayvalores\/\">Sigue leyendo <span class=\"meta-nav\">&rarr;<\/span><\/a><\/p>\n","protected":false},"author":5,"featured_media":0,"parent":0,"menu_order":0,"comment_status":"open","ping_status":"open","template":"","meta":{"_bbp_topic_count":0,"_bbp_reply_count":0,"_bbp_total_topic_count":0,"_bbp_total_reply_count":0,"_bbp_voice_count":0,"_bbp_anonymous_reply_count":0,"_bbp_topic_count_hidden":0,"_bbp_reply_count_hidden":0,"_bbp_forum_subforum_count":0,"footnotes":""},"class_list":["post-2","page","type-page","status-publish","hentry"],"_links":{"self":[{"href":"https:\/\/estudiosgenealogicos.org\/alejandrarivera\/wp-json\/wp\/v2\/pages\/2","targetHints":{"allow":["GET"]}}],"collection":[{"href":"https:\/\/estudiosgenealogicos.org\/alejandrarivera\/wp-json\/wp\/v2\/pages"}],"about":[{"href":"https:\/\/estudiosgenealogicos.org\/alejandrarivera\/wp-json\/wp\/v2\/types\/page"}],"author":[{"embeddable":true,"href":"https:\/\/estudiosgenealogicos.org\/alejandrarivera\/wp-json\/wp\/v2\/users\/5"}],"replies":[{"embeddable":true,"href":"https:\/\/estudiosgenealogicos.org\/alejandrarivera\/wp-json\/wp\/v2\/comments?post=2"}],"version-history":[{"count":5,"href":"https:\/\/estudiosgenealogicos.org\/alejandrarivera\/wp-json\/wp\/v2\/pages\/2\/revisions"}],"predecessor-version":[{"id":43,"href":"https:\/\/estudiosgenealogicos.org\/alejandrarivera\/wp-json\/wp\/v2\/pages\/2\/revisions\/43"}],"wp:attachment":[{"href":"https:\/\/estudiosgenealogicos.org\/alejandrarivera\/wp-json\/wp\/v2\/media?parent=2"}],"curies":[{"name":"wp","href":"https:\/\/api.w.org\/{rel}","templated":true}]}}