{"id":14,"date":"2012-12-01T09:32:00","date_gmt":"2012-12-01T09:32:00","guid":{"rendered":"http:\/\/estudiosgenealogicos.org\/choreno\/?page_id=14"},"modified":"2018-09-02T02:27:34","modified_gmt":"2018-09-02T08:27:34","slug":"conferencias","status":"publish","type":"page","link":"https:\/\/estudiosgenealogicos.org\/choreno\/difusion\/conferencias\/","title":{"rendered":"Conferencias"},"content":{"rendered":"<p><b><span lang=\"ES-TRAD\">Ciudades en duelo: cuerpo, violencia y memoria\u00a0<\/span><\/b><\/p>\n<p style=\"text-align: justify\"><span lang=\"ES-TRAD\">Conferencia Magistral dictada en el 4\u00ba Coloquio Internacional sobre Violencia, que se llev\u00f3 a cabo en la Facultad de Filosof\u00eda y Letras de la Universidad Aut\u00f3noma de Sinaloa, a trav\u00e9s del Cuerpo Acad\u00e9mico Humanismo e Identidad Cultural, el 19 de octubre de 2017.<\/span><\/p>\n<p><b><span lang=\"ES-TRAD\">Divulgaci\u00f3n y ense\u00f1anza de la Filosof\u00eda: reflexiones sobre las estrategias de comunicaci\u00f3n social y pol\u00edtica de la filosof\u00eda <\/span><\/b><\/p>\n<p style=\"text-align: justify\"><span lang=\"ES-TRAD\">Conferencia dictada en el Seminario \u201cVisi\u00f3n retrospectiva de las alternativas de la divulgaci\u00f3n de la filosof\u00eda\u201d, PIFFYL 2016 021, coordinado por el Mtro. Luis Aar\u00f3n Pati\u00f1o Palafox, y que se llev\u00f3 a cabo en la Facultad de Filosof\u00eda y Letras de la UNAM, el 14 de marzo de 2017.<\/span><\/p>\n<p><b><span lang=\"ES-TRAD\">Transgresi\u00f3n er\u00f3tica e imaginaci\u00f3n po\u00e9tica: potencias de una mirada intempestiva \u00a0<\/span><\/b><\/p>\n<p style=\"text-align: justify\"><span lang=\"ES-TRAD\">Conferencia dictada en el 3\u00ba Coloquio Nacional sobre Violencia, que se llev\u00f3 a cabo en la Facultad de Filosof\u00eda y Letras de la Universidad Aut\u00f3noma de Sinaloa, a trav\u00e9s del Cuerpo Acad\u00e9mico Humanismo e Identidad Cultural, el 17 de octubre de 2016.<\/span><\/p>\n<p><b><span lang=\"ES-TRAD\">La pol\u00e9mica contempor\u00e1nea sobre la historia y la ense\u00f1anza de la filosof\u00eda \u00a0<\/span><\/b><\/p>\n<p style=\"text-align: justify\"><span lang=\"ES-TRAD\">Conferencia dictada en el 3er Coloquio Anual. \u201cPasado inmediato: Controversias en la filosof\u00eda mexicana del siglo XX\u201d, que se llev\u00f3 a cabo en el Instituto de Investigaciones Filos\u00f3ficas de la UNAM, el 1 de diciembre de 2015.<\/span><\/p>\n<p><b><span lang=\"ES-TRAD\">Lenguaje e imaginaci\u00f3n: la fant\u00e1stica m\u00e1quina de pensar de Ramon Llull<\/span><\/b><\/p>\n<p style=\"text-align: justify\"><span lang=\"ES-TRAD\">Conferencia dictada en la Facultad de Filosof\u00eda y Letras de la UNAM, el 4 de marzo de 2015, en el marco de las actividades del Curso Colectivo \u201cEl lenguaje y la filosof\u00eda: territorios y horizontes\u201d, coordinado por el Dr. Bily L\u00f3pez para el Colegio de Filosof\u00eda.<\/span><\/p>\n<p><b><span lang=\"ES-TRAD\">Los heroicos furores en la ciudad del sinsentido<\/span><\/b><\/p>\n<p style=\"text-align: justify\"><span lang=\"ES-TRAD\">Conferencia dictada el 11 de septiembre de 2014 en el 6\u00ba Encuentro de Estudiantes de Filosof\u00eda \u201cDe-construcci\u00f3n de ideas\u201d, que se llev\u00f3 a cabo en el plantel San Lorenzo Tezonco de la Universidad Aut\u00f3noma de la Ciudad de M\u00e9xico del 8 al 12 de septiembre de 2014.<\/span><\/p>\n<p><b><span lang=\"ES-TRAD\">San Agust\u00edn; el tiempo y la memoria <\/span><\/b><\/p>\n<p style=\"text-align: justify\"><span lang=\"ES-TRAD\">Conferencia dictada en la Facultad de Filosof\u00eda y Letras de la UNAM, el 4 de septiembre de 2014, en el marco de las actividades del proyecto PAPIIT IG400614 \u201cOntolog\u00eda e historia: indagaci\u00f3n sobre las v\u00edas para otra historia desde la ontolog\u00eda del siglo XX, a cargo de la Dra. Rebeca Maldonado.<\/span><\/p>\n<p><b><span lang=\"ES-TRAD\">Estrategias de lectura filos\u00f3fica <\/span><\/b><\/p>\n<p style=\"text-align: justify\"><span lang=\"ES-TRAD\">Conferencia Magistral dictada en el 3er Foro Acad\u00e9mico \u201c\u00bfLa ense\u00f1anza de la filosof\u00eda a trav\u00e9s de sus fuentes? Leer filosof\u00eda para escribir y pensar \u00ab, que se llev\u00f3 a cabo en las Instalaciones de la Secretar\u00eda de Difusi\u00f3n Cultural de\u00a0 la Escuela Nacional Preparatoria el 20 de marzo de 2014.<\/span><\/p>\n<p><span lang=\"ES-TRAD\">\u00a0<\/span><b><span lang=\"ES-TRAD\">Las virtudes como realizaci\u00f3n y organizaci\u00f3n jer\u00e1rquica de los valores <\/span><\/b><\/p>\n<p style=\"text-align: justify\"><span lang=\"ES-TRAD\">Conferencia dictada el 7 de marzo de 2014 en el Programa de la Asignatura Transversal de \u00c9tica en el semestre 2014-2 de la Escuela Nacional de Estudios Superiores, Unidad Morelia, de la UNAM.<\/span><\/p>\n<p><b><span lang=\"ES-TRAD\">La amistad y la comunidad de bienes y de males: comentarios sobre el ejercicio de una ciudadan\u00eda \u00e9tica en el republicanismo ciceroniano<\/span><\/b><\/p>\n<p style=\"text-align: justify\"><span lang=\"ES-TRAD\">Conferencia dictada en el Coloquio Internacional \u00abPara una historia de la amistad\u00bb, que se llev\u00f3 a cabo en la Universidad Aut\u00f3noma del Estado de Morelos, el 12 de septiembre de 2013.<\/span><\/p>\n<p><b><span lang=\"ES-TRAD\">La utilidad del enfoque geneal\u00f3gico para la comprensi\u00f3n de nuestro presente<\/span><\/b><\/p>\n<p><span lang=\"ES-TRAD\">Conferencia dictada en la Universidad Latina, Campus Sur, el 9 de mayo de 2013.<\/span><\/p>\n<p><b><span lang=\"ES-TRAD\">El camino y los frutos del viaje en Ibn&#8217;Arabi <\/span><\/b><\/p>\n<p style=\"text-align: justify\"><span lang=\"ES-TRAD\">Conferencia dictada el 22 de abril de 2013 en el curso \u00abFilosof\u00eda de la religi\u00f3n: religiosidad y cultura\u00bb, coordinado por la Dra. Julieta Lizaola en el marco de la C\u00e1tedra Extraordinaria Maestros del Exilio Espa\u00f1ol, durante el semestre 2013-2.<\/span><\/p>\n<p><b><span lang=\"ES-TRAD\">Sobre la eternidad del mundo: Agust\u00edn de Hipona <\/span><\/b><\/p>\n<p style=\"text-align: justify\"><span lang=\"ES-TRAD\">Conferencia dictada en el Ciclo de Conferencias sobre la Eternidad del Mundo, que se llev\u00f3 a cabo en la Sala de Videoconferencias del Edificio \u00abAdolfo S\u00e1nchez V\u00e1zquez\u00bb de la FFyl_UNAM, del 18 de octubre al 22 de noviembre de 2012.<\/span><\/p>\n<p><b><span lang=\"ES-TRAD\">La invenci\u00f3n del placer m\u00e1s all\u00e1 del deseo y la necesidad. Michel Onfray y la apropiaci\u00f3n contempor\u00e1nea de los fil\u00f3sofos c\u00ednicos y cirenaicos <\/span><\/b><\/p>\n<p style=\"text-align: justify\">Conferencia dictada en el III Congreso de la Asociaci\u00f3n Latinoamericana de Filosof\u00eda Antigua (ALFA), organizada por el Centro de Estudios Filos\u00f3ficos de la Pontificia Universidad Cat\u00f3lica del Per\u00fa del 9 al 11 de noviembre de 2011.<\/p>\n<h4 style=\"text-align: justify\"><strong>Los\u00a0<em>sophistai<\/em>\u00a0y la ilustraci\u00f3n griega: los maestros de virtud pol\u00edtica o del arte de la buena ciudadan\u00eda<\/strong><\/h4>\n<p style=\"text-align: justify\">Conferencia dictada el 17 de noviembre de 2011 en la Facultad de Filosof\u00eda y Letras de la\u00a0Benem\u00e9rita Universidad Aut\u00f3noma de Puebla, como parte de las actividades del Congreso Internacional \u00abLos sofistas de la Grecia Cl\u00e1sica: los antih\u00e9roes de la filosof\u00eda\u00bb.<\/p>\n<h4 style=\"text-align: justify\"><strong>La filosof\u00eda en M\u00e9xico y el problema del humanismo universitario<\/strong><\/h4>\n<p style=\"text-align: justify\">Conferencia dictada el 22 de agosto en el Sal\u00f3n de Actos \u00abAdolfo S\u00e1nchez V\u00e1zquez\u00bb de la Facultad de Filosof\u00eda y Letras de la Universidad Nacional Aut\u00f3noma de M\u00e9xico, como parte de la celebraci\u00f3n de los 70 A\u00f1os de la apertura de la asignatura de Filosof\u00eda en M\u00e9xico por Samuel Ramos, coordinada por la Dra. Mar\u00eda del Carmen Rovira Gaspar.<\/p>\n<h4 style=\"text-align: justify\"><strong>Los olvidos de la memoria<\/strong><\/h4>\n<p style=\"text-align: justify\">Conferencia dictada el 31 de mayo de 2011 en el Centro de Investigaci\u00f3n Social Avanzada, como parte de las actividades del Seminario de Investigaci\u00f3n Interno, en Santiago de Quer\u00e9taro, Quer\u00e9taro.<\/p>\n<h4 style=\"text-align: justify\"><strong>La recepci\u00f3n de Arist\u00f3teles en la Antig\u00fcedad Tard\u00eda<\/strong><\/h4>\n<p style=\"text-align: justify\">Conferencia dictada el 14 de octubre de 2010 en las Salas A y B de la Facultad de Filosof\u00eda y Letras de la Universidad Nacional Aut\u00f3noma de M\u00e9xico, como parte del Ciclo\u00a0<em>Arist\u00f3teles y su recepci\u00f3n en la Antig\u00fcedad Tard\u00eda y el Mundo \u00c1rabe: metaf\u00edsica, filosof\u00eda de la naturaleza, psicolog\u00eda, ciencia y dial\u00e9ctica<\/em>, coordinado por la Mtra. Mar\u00eda Teresa Rodr\u00edguez Gonz\u00e1lez.<\/p>\n<h4 style=\"text-align: justify\"><strong>Imaginaciones de libertad y sujeci\u00f3n en la ciudad del sinsentido. Reflexiones sobre la formaci\u00f3n cultural de las sociedades contempor\u00e1neas desde una perspectiva geneal\u00f3gica<\/strong><\/h4>\n<p style=\"text-align: justify\">Conferencia dictada el 10 de febrero de 2009 en la Facultad de Psicolog\u00eda de la Universidad Nacional Aut\u00f3noma de M\u00e9xico, en el marco del programa de actualizaci\u00f3n docente del \u00c1rea de Formaci\u00f3n Contextual del Plan de Estudio 2008 de la Licenciatura en Psicolog\u00eda para el Sistema Escolarizado y Abierto.<\/p>\n<h4 style=\"text-align: justify\"><strong>El mito en el mundo contempor\u00e1neo<\/strong><\/h4>\n<p style=\"text-align: justify\">Conferencia de Clausura dictada el 22 de septiembre de 2006 en la Facultad de Filosof\u00eda y Letras de la Universidad Nacional Aut\u00f3noma de M\u00e9xico, como parte de las actividades acad\u00e9micas del\u00a0<em>Encuentro Interdisciplinario en torno a la Actualidad del Mito<\/em>, que se llev\u00f3 a cabo en el Sal\u00f3n de Actos de la Facultad, del 18 al 22 de septiembre de 2006.<\/p>\n<h4 style=\"text-align: justify\"><strong>La filosof\u00eda de la cultura en Samuel Ramos, pre\u00e1mbulo hacia un nuevo humanismo<\/strong><\/h4>\n<p style=\"text-align: justify\">Conferencia dictada el 3 de noviembre de 2005 en la Facultad de Filosof\u00eda y Letras de la Universidad Nacional Aut\u00f3noma de M\u00e9xico, como parte de la actividades acad\u00e9micas de la\u00a0<em>C\u00e1tedra Especial Samuel Ramos<\/em>\u00a0durante el Semestre 2006-1.<\/p>\n<h4 style=\"text-align: justify\"><strong>La presencia del mito en el mundo contempor\u00e1neo<\/strong><\/h4>\n<p style=\"text-align: justify\">Conferencia dictada el 25 de mayo de 2005 en la Facultad de Filosof\u00eda y Letras de la Universidad Nacional Aut\u00f3noma de M\u00e9xico, como parte de las actividades acad\u00e9micas de las\u00a0<em>Jornadas sobre la actualidad del mito<\/em>, que se llevaron a cabo en las instalaciones de la Divisi\u00f3n de Educaci\u00f3n Continua, del 25 al 27 de mayo de 2005<em>.<\/em><\/p>\n<h4 style=\"text-align: justify\"><strong>Terrorismo: Un enfoque desde la \u00e9poca contempor\u00e1nea<\/strong><\/h4>\n<p style=\"text-align: justify\">Conferencia dictada en marzo de 2004 en la Universidad Insurgentes, Plantel Xola.<\/p>\n<h4 style=\"text-align: justify\"><strong>El manejo de la tecnolog\u00eda para la creaci\u00f3n de nuevas formas de mercado<\/strong><\/h4>\n<p style=\"text-align: justify\">Conferencia dictada el 27 de marzo de 2001 en la Facultad de Contadur\u00eda y Administraci\u00f3n de la Universidad Nacional Aut\u00f3noma de M\u00e9xico.<\/p>\n<p><strong>La formaci\u00f3n de la\u00a0<em>cultura de consumo<\/em><\/strong><\/p>\n<p style=\"text-align: justify\">Conferencia dictada el 27 de febrero de 2001 en la Facultad de Contadur\u00eda y Administraci\u00f3n de la Universidad Nacional Aut\u00f3noma de M\u00e9xico.<\/p>\n<h4 style=\"text-align: justify\"><strong>La actitud en el manejo de las necesidades del mercado<\/strong><\/h4>\n<p style=\"text-align: justify\">Conferencia dictada el 31 de enero de 2001 en la Facultad de Contadur\u00eda y Administraci\u00f3n de la Universidad Nacional Aut\u00f3noma de M\u00e9xico.<\/p>\n<h4 style=\"text-align: justify\"><strong>Stalker: La vocaci\u00f3n del hombre de fe<\/strong><\/h4>\n<p style=\"text-align: justify\">Conferencia dictada el 27 de mayo de 1999 en la Universidad Aut\u00f3noma del Estado de M\u00e9xico, como parte de las actividades acad\u00e9micas de la\u00a0<em>III Semana del Quehacer Filos\u00f3fico<\/em>.<\/p>\n<h4 style=\"text-align: justify\"><strong>La soledad en la obra de Gabriel Grac\u00eda M\u00e1rquez<\/strong><\/h4>\n<p style=\"text-align: justify\">Conferencia dictada el 24 de septiembre de 1999 en la Universidad del Valle de M\u00e9xico, Campus San Rafael,\u00a0<em>\u201cAlma Mater\u201d<\/em>, dentro del Ciclo de Conferencias:\u00a0<em>\u201cGrandes Autores Latinoamericanos\u201d<\/em>.<\/p>\n<p><strong>La figura del Diablo en la Literatura<\/strong><\/p>\n<p style=\"text-align: justify\">Conferencia dictada el 1 de diciembre de 1998 en la Universidad del Valle de M\u00e9xico, Campus San Rafael, \u201c<em>Alma Mater<\/em>\u201d, dentro del Ciclo de Conferencias:<em>\u00a0\u201cLiteratura G\u00f3tica\u201d<\/em>.<\/p>\n<p>&nbsp;<\/p>\n","protected":false},"excerpt":{"rendered":"<p>Ciudades en duelo: cuerpo, violencia y memoria\u00a0 Conferencia Magistral dictada en el 4\u00ba Coloquio Internacional sobre Violencia, que se llev\u00f3 a cabo en la Facultad de Filosof\u00eda y Letras de la Universidad Aut\u00f3noma de Sinaloa, a trav\u00e9s del Cuerpo Acad\u00e9mico &hellip; <a href=\"https:\/\/estudiosgenealogicos.org\/choreno\/difusion\/conferencias\/\">Sigue leyendo <span class=\"meta-nav\">&rarr;<\/span><\/a><\/p>\n","protected":false},"author":6,"featured_media":0,"parent":6,"menu_order":0,"comment_status":"open","ping_status":"open","template":"","meta":{"_bbp_topic_count":0,"_bbp_reply_count":0,"_bbp_total_topic_count":0,"_bbp_total_reply_count":0,"_bbp_voice_count":0,"_bbp_anonymous_reply_count":0,"_bbp_topic_count_hidden":0,"_bbp_reply_count_hidden":0,"_bbp_forum_subforum_count":0,"_crdt_document":"","footnotes":""},"class_list":["post-14","page","type-page","status-publish","hentry"],"jetpack_sharing_enabled":true,"_links":{"self":[{"href":"https:\/\/estudiosgenealogicos.org\/choreno\/wp-json\/wp\/v2\/pages\/14","targetHints":{"allow":["GET"]}}],"collection":[{"href":"https:\/\/estudiosgenealogicos.org\/choreno\/wp-json\/wp\/v2\/pages"}],"about":[{"href":"https:\/\/estudiosgenealogicos.org\/choreno\/wp-json\/wp\/v2\/types\/page"}],"author":[{"embeddable":true,"href":"https:\/\/estudiosgenealogicos.org\/choreno\/wp-json\/wp\/v2\/users\/6"}],"replies":[{"embeddable":true,"href":"https:\/\/estudiosgenealogicos.org\/choreno\/wp-json\/wp\/v2\/comments?post=14"}],"version-history":[{"count":5,"href":"https:\/\/estudiosgenealogicos.org\/choreno\/wp-json\/wp\/v2\/pages\/14\/revisions"}],"predecessor-version":[{"id":764,"href":"https:\/\/estudiosgenealogicos.org\/choreno\/wp-json\/wp\/v2\/pages\/14\/revisions\/764"}],"up":[{"embeddable":true,"href":"https:\/\/estudiosgenealogicos.org\/choreno\/wp-json\/wp\/v2\/pages\/6"}],"wp:attachment":[{"href":"https:\/\/estudiosgenealogicos.org\/choreno\/wp-json\/wp\/v2\/media?parent=14"}],"curies":[{"name":"wp","href":"https:\/\/api.w.org\/{rel}","templated":true}]}}