{"id":26,"date":"2012-12-01T09:42:58","date_gmt":"2012-12-01T09:42:58","guid":{"rendered":"http:\/\/estudiosgenealogicos.org\/choreno\/?page_id=26"},"modified":"2018-09-02T02:33:47","modified_gmt":"2018-09-02T08:33:47","slug":"ponencias","status":"publish","type":"page","link":"https:\/\/estudiosgenealogicos.org\/choreno\/difusion\/ponencias\/","title":{"rendered":"Ponencias"},"content":{"rendered":"<p style=\"text-align: justify\"><strong>Cuerpos n\u00f3madas: entre la impotencia y el sentimiento de potencia \u00a0<\/strong><\/p>\n<p style=\"text-align: justify\">Ponencia le\u00edda en el I Encuentro Interdisciplinar Internacional \u201cCultura, Violencia y Paz\u201d, que se llev\u00f3 a cabo en la Facultad de Ciencias Sociales y Humanidades de la Universidad Aut\u00f3noma de San Luis Potos\u00ed, el 29 de noviembre de 2017, organizado por el Cuerpo Acad\u00e9mico \u201cEstudios Decoloniales\u201d.<\/p>\n<p style=\"text-align: justify\"><strong>Cuerpos n\u00f3madas: los l\u00edmites de la experiencia entre la impotencia y el sentimiento de potencia \u00a0<\/strong><\/p>\n<p style=\"text-align: justify\">Ponencia le\u00edda en el Coloquio Internacional \u201cPoder e impotencia: una cuesti\u00f3n de l\u00edmites\u201d, que se llev\u00f3 a cabo en la Sala de Conferencias del Centro Interdisciplinario de Investigaci\u00f3n en Humanidades de la Universidad Aut\u00f3noma del Estado de Morelos, del 9 al 13 de noviembre de 2017.<\/p>\n<p style=\"text-align: justify\"><strong>Henry Corbin y la imaginaci\u00f3n creadora en Ibn Arab\u00ee <\/strong><\/p>\n<p style=\"text-align: justify\">Ponencia le\u00edda en la Mesa 2: \u201cLos despliegues de lo imaginal y la posibilidad de su superaci\u00f3n\u201d, en el II Coloquio \u201cPhilosophia Vera: El C\u00edrculo de Eranos y la b\u00fasqueda de la Espiritualidad en el siglo XX\u201d, que se llev\u00f3 a cabo en la Facultad de Filosof\u00eda y Letras de la UNAM, del 30 al 31 de octubre de 2017, organizado por el Proyecto PIFFYL 2015 015 \u201cSigillum Seminario. Seminario sobre el Alma, el Hermetismo y lo Imaginal\u201d.<\/p>\n<p style=\"text-align: justify\"><strong>El mal\u00e9volo y silencioso veneno de la envidia \u00a0<\/strong><\/p>\n<p style=\"text-align: justify\">Ponencia le\u00edda en el 6\u00ba Coloquio Internacional de Cine y Filosof\u00eda \u201cHistoria de los afectos: envidia\u201d, que se llev\u00f3 a cabo en el Sal\u00f3n de Actos de la Facultad de Filosof\u00eda y Letras de la UNAM, el 1 de septiembre de 2017.<\/p>\n<p style=\"text-align: justify\"><strong>Cuerpos n\u00f3madas: espacios comunes y territorialidades en tr\u00e1nsito \u00a0<\/strong><\/p>\n<p style=\"text-align: justify\">Ponencia le\u00edda en el IV Coloquio \u201cCuerpo, resistencia y producci\u00f3n de subjetividades\u201d, que se llev\u00f3 a cabo en el Sal\u00f3n de Actos de la Facultad de Filosof\u00eda y Letras de la UNAM, el 11 de octubre de 2017.<\/p>\n<p style=\"text-align: justify\"><strong>La ense\u00f1anza de la filosof\u00eda como praxis filos\u00f3fica y estrategia libertaria \u00a0<\/strong><\/p>\n<p style=\"text-align: justify\">Ponencia le\u00edda en el Segundo Coloquio \u201cFilosof\u00eda para ni\u00f1os y Filosof\u00eda aplicada\u201d, que se llev\u00f3 a cabo en el Sal\u00f3n de Actos de la Facultad de Filosof\u00eda y Letras de la UNAM, el 25 de octubre de 2017.<\/p>\n<p style=\"text-align: justify\"><strong>La filosof\u00eda para ni\u00f1os: nuevos derroteros de la ense\u00f1anza de la filosof\u00eda\u00a0 \u00a0<\/strong><\/p>\n<p style=\"text-align: justify\">Ponencia le\u00edda en el Primer Coloquio \u201cFilosof\u00eda para ni\u00f1os y Filosof\u00eda aplicada\u201d, que se llev\u00f3 a cabo en el Sala Interactiva de la Facultad de Filosof\u00eda y Letras de la UNAM, el 4 de mayo de 2017.<\/p>\n<p style=\"text-align: justify\"><strong>Nietzsche y las transgresiones libertarias del erotismo y la imaginaci\u00f3n po\u00e9tica (Sobre la lectura que hacen de Nietzsche Bataille y Bachelard) \u00a0<\/strong><\/p>\n<p style=\"text-align: justify\">Ponencia le\u00edda en el II Coloquio \u201cCuerpo, resistencia y producci\u00f3n de subjetividades: Nietzsche y los fil\u00f3sofos nietzscheanos\u201d, que se llev\u00f3 a cabo en el Sal\u00f3n de Actos de la Facultad de Filosof\u00eda y Letras de la UNAM, el 23 de noviembre de 2016.<\/p>\n<p style=\"text-align: justify\"><strong>Pantalla, deseo e imagen digital: la reproducci\u00f3n de los afectos en las redes sociales \u00a0<\/strong><\/p>\n<p style=\"text-align: justify\">Ponencia le\u00edda en el Congreso Internacional \u201cReflexiones en la nube: www, redes sociales, subjetividad\u201d, que se llev\u00f3 a cabo en el Sal\u00f3n de Actos de la Facultad de Filosof\u00eda y Letras de la UNAM, el 31 de octubre de 2016, como parte de las actividades del Proyecto PAPIIT IN403214.<\/p>\n<p style=\"text-align: justify\"><strong>La lectura de Marx de Adolfo S\u00e1nchez V\u00e1zquez Marx y las investigaciones geneal\u00f3gicas<\/strong><\/p>\n<p style=\"text-align: justify\">Ponencia dictada en el Coloquio \u201cMarx y el enfoque geneal\u00f3gico\u201d, que se llev\u00f3 a cabo en La taza de los sue\u00f1os, Ciudad de M\u00e9xico, por el Centro de Estudios Geneal\u00f3gicos para la Investigaci\u00f3n de la cultura en M\u00e9xico y Am\u00e9rica Latina, el 25 de junio de 2016.<\/p>\n<p style=\"text-align: justify\"><strong>El incendio amoroso del alma: el itinerario espiritual de una imaginaci\u00f3n amorosa <\/strong><\/p>\n<p style=\"text-align: justify\">Ponencia le\u00edda en la Mesa de Trabajo III de las Segundas Jornadas de Filosof\u00eda de la Religi\u00f3n, que se llev\u00f3 a cabo en el marco de las actividades del proyecto PIFFYL Religiosidad y Cultura, en la Facultad de Filosof\u00eda y Letras de la UNAM, el 14 de abril de 2016.<\/p>\n<p style=\"text-align: justify\"><strong>Habitaciones po\u00e9ticas del espacio p\u00fablico: montajes y desmontajes de la violencia <\/strong><\/p>\n<p style=\"text-align: justify\">Ponencia le\u00edda en las Jornadas Internacionales Estudios sobre la Violencia \u201cEspacios de violencia. Espacios del habitar\u201d, que se llev\u00f3 a cabo en la Facultad de Filosof\u00eda y Letras de la BUAP, del 25 al 26 de noviembre de 2015.<\/p>\n<p style=\"text-align: justify\"><strong>Simulacros y espejismos: notas sobre la espectacularidad de la violencia <\/strong><\/p>\n<p style=\"text-align: justify\">Ponencia le\u00edda en la Segunda Jornada de An\u00e1lisis sobre la Violencia, que se llev\u00f3 a cabo en la Facultad de Filosof\u00eda y Letras de la Universidad Aut\u00f3noma de Sinaloa, a trav\u00e9s del Cuerpo Acad\u00e9mico Humanismo e Identidad Cultural, el 30 de octubre de 2015.<\/p>\n<p style=\"text-align: justify\"><strong>Cuerpo y sentimiento de potencia: notas sobre vitalismo nietzscheano<\/strong><\/p>\n<p style=\"text-align: justify\">Ponencia le\u00edda en el Coloquio \u201cVitalismo filos\u00f3fico: vitalismo y cr\u00edtica de la modernidad\u201d, que se llev\u00f3 a cabo en el Sal\u00f3n de Actos de la Facultad de Filosof\u00eda y Letras de la UNAM, el 20 de octubre de 2015.<\/p>\n<p style=\"text-align: justify\"><strong>El cuerpo como territorio bald\u00edo <\/strong><\/p>\n<p style=\"text-align: justify\">Ponencia le\u00edda en el 1er Coloquio Internacional Filosof\u00eda Latinoamericana Hoy (6\u00ba Coloquio), que se llev\u00f3 a cabo en la Facultad de Ciencias Pol\u00edticas y Sociales de la UAEM, del 12 al 14 de agosto de 2015.<\/p>\n<p style=\"text-align: justify\"><strong>Im\u00e1genes e imaginaciones de la cultura: hacia una cr\u00edtica del poder medi\u00e1tico<\/strong><\/p>\n<p style=\"text-align: justify\">Ponencia le\u00edda en la mesa de trabajo: \u201cFilosof\u00eda de la cultura y humanismo en M\u00e9xico y Am\u00e9rica Latina\u201d en el Coloquio Di\u00e1logos Human\u00edsticos II, que se llev\u00f3 a cabo en la Facultad de Humanidades de la UAEM, del 5 al 8 de mayo de 2015.<\/p>\n<p style=\"text-align: justify\"><strong>Espiritualidad e imaginaci\u00f3n creadora en el pensamiento de Ibn \u2018Arabi <\/strong><\/p>\n<p style=\"text-align: justify\">Ponencia le\u00edda en la Mesa de Trabajo: \u201cReligiones monote\u00edstas. M\u00edstica\u201d, de las Primeras Jornadas de Filosof\u00eda de la Religi\u00f3n, que se llev\u00f3 a cabo en el marco de las actividades del proyecto PIFFYL Religiosidad y Cultura, en el Sal\u00f3n de Actos de la Facultad de Filosof\u00eda y Letras de la UNAM, el 10 de abril de 2015.<\/p>\n<p style=\"text-align: justify\"><strong>Rebeld\u00edas y afectividades comunitarias: el cuerpo pol\u00edtico como comunidad viva<\/strong><\/p>\n<p style=\"text-align: justify\">Ponencia le\u00edda en el Coloquio \u201cVitalismo filos\u00f3fico. A 20 a\u00f1os de la muerte de Deleuze\u201d, que se llev\u00f3 a cabo en el Sal\u00f3n de Actos de la Facultad de Filosof\u00eda y Letras de la UNAM, el 16 de febrero de 2015.<\/p>\n<p style=\"text-align: justify\"><strong>Paradigmas emancipatorios<\/strong><\/p>\n<p style=\"text-align: justify\">Ponencia le\u00edda en XI Taller Internacional sobre Paradigmas Emancipatorios, que se llev\u00f3 a cabo en La Habana, Cuba, del 13 al 16 de enero de 2015.<\/p>\n<p style=\"text-align: justify\"><strong>La investigaci\u00f3n filos\u00f3fica en M\u00e9xico<\/strong><\/p>\n<p style=\"text-align: justify\">Ponencia le\u00edda en el Encuentro de Investigadores y Maestros en Filosof\u00eda Cuba-M\u00e9xico, que se llev\u00f3 a cabo en La Habana, Cuba, del 3 al 5 de diciembre de 2014.<\/p>\n<p style=\"text-align: justify\"><strong>La fuerza intempestiva de lo contempor\u00e1neo. Apuntes para una historia cr\u00edtica de la formaci\u00f3n cultural de las sociedades contempor\u00e1neas<\/strong><\/p>\n<p style=\"text-align: justify\">Ponencia le\u00edda en la Mesa Tem\u00e1tica 1: \u201cReflexiones en torno al sentido de la historia\u201d del Encuentro \u201cEncrucijadas para la filosof\u00eda presente y futura\u201d, que se llev\u00f3 a cabo en el Plantel 3 \u201cJusto Sierra\u201d de la Escuela Nacional Preparatoria de la UNAM, el 10 de noviembre de 2014.<\/p>\n<p style=\"text-align: justify\"><strong>Gula, pasi\u00f3n por la voracidad<\/strong><\/p>\n<p style=\"text-align: justify\">Ponencia le\u00edda en el 3\u00ba Coloquio Internacional de Cine y Filosof\u00eda \u201cHistoria de los afectos: la gula\u201d, que se llev\u00f3 a cabo en el Sal\u00f3n de Actos de la FFyL-UNAM, el 28 de octubre de 2014.<\/p>\n<p style=\"text-align: justify\"><strong>Con la sensibilidad desgarrada. Miradas intempestivas sobre el horror y el terror en el mundo contempor\u00e1neo<\/strong><\/p>\n<p style=\"text-align: justify\">Ponencia le\u00edda en el 3er Encuentro Regional de Filosof\u00eda Regi\u00f3n Norte, que se llev\u00f3 a cabo con la organizaci\u00f3n de la Asociaci\u00f3n Filos\u00f3fica de M\u00e9xico y la Facultad de Filosof\u00eda y Letras de la Universidad Aut\u00f3noma de Sinaloa, en Culiac\u00e1n, Sinaloa, el 23 y 24 de octubre de 2014.<\/p>\n<p style=\"text-align: justify\"><strong>Vasco de Quiroga y Alonso de la Veracruz sobre el maltrato a los indios<\/strong><\/p>\n<p style=\"text-align: justify\">Ponencia le\u00edda en la Mesa 1 \u201cDebates en los or\u00edgenes de la filosof\u00eda mexicana en el siglo XVI\u201d, del II Simposio \u201cControversias en el desarrollo hist\u00f3rico de la filosof\u00eda mexicana\u201d, que se llev\u00f3 a cabo en el Instituto de Investigaciones Filos\u00f3ficas de la UNAM, el 16 de octubre de 2014.<\/p>\n<p style=\"text-align: justify\"><strong>Agust\u00edn de Hipona y la ciudad de Dios: hacia un modelo de ciudadan\u00eda \u00e9tica<\/strong><\/p>\n<p style=\"text-align: justify\">Ponencia le\u00edda en el Coloquio \u201cFilosof\u00eda y ciudadan\u00eda: ret\u00f3ricas y po\u00e9ticas de la vida civil\u201d, que se llev\u00f3 a cabo en el marco del XVII Congreso Internacional de Filosof\u00eda \u201cFilosofar en M\u00e9xico en el siglo XXI. Adversidad y novedad de la \u00e9poca\u201d, organizado por la Asociaci\u00f3n Filos\u00f3fica de M\u00e9xico en Morelia Michoac\u00e1n, del 7 al 11 de abril de 2014.<\/p>\n<p style=\"text-align: justify\"><strong>La ciudad del sinsentido: ret\u00f3ricas y po\u00e9ticas de la vida civil<\/strong><\/p>\n<p style=\"text-align: justify\">Ponencia le\u00edda en el Coloquio \u201cFilosof\u00eda y ciudadan\u00eda: ret\u00f3ricas y po\u00e9ticas de la vida civil\u201d, que se llev\u00f3 a cabo en el marco del XVII Congreso Internacional de Filosof\u00eda \u201cFilosofar en M\u00e9xico en el siglo XXI. Adversidad y novedad de la \u00e9poca\u201d, organizado por la Asociaci\u00f3n Filos\u00f3fica de M\u00e9xico en Morelia Michoac\u00e1n, del 7 al 11 de abril de 2014.<\/p>\n<p style=\"text-align: justify\"><strong>La ense\u00f1anza de la filosof\u00eda en la ciudad: hacia la construcci\u00f3n de nuevas formas de ciudadan\u00eda participativa<\/strong><\/p>\n<p style=\"text-align: justify\">Ponencia le\u00edda en el Coloquio \u201cPensar m\u00e1s all\u00e1 de la RIEMS II. La transmisi\u00f3n de las habilidades l\u00f3gicas a debate\u201d, que se llev\u00f3 a cabo en la Sala de Videoconferencias del edificio \u00abAdolfo S\u00e1nchez V\u00e1zquez\u00bb de la FFyL-UNAM, el 13 y 14 de marzo de 2014.<\/p>\n<p style=\"text-align: justify\"><strong>La filosof\u00eda novohispana en el pensamiento de Bernab\u00e9 Navarro<\/strong><\/p>\n<p style=\"text-align: justify\">Ponencia le\u00edda en el Coloquio Nacional de Filosof\u00eda Mexicana. Nuestros fil\u00f3sofos olvidados, organizado por el C\u00edrculo de Estudios de Filosof\u00eda Mexicana y el Colegio de Filosof\u00eda, en la FfyL de la UNAM, del 10 al 12 de marzo de 2014.<\/p>\n<p style=\"text-align: justify\"><strong>Apuntes para una genealog\u00eda de la violencia<\/strong><\/p>\n<p style=\"text-align: justify\">Ponencia le\u00edda en las Primeras Jornadas sobre Violencia, Cuerpo e Identidad, que se llevaron a cabo en el Auditorio de Humanidades de la FFyL de la Universidad Aut\u00f3noma de Sinaloa, el 24 y 25 de enero de 2014.<\/p>\n<p style=\"text-align: justify\"><strong>La construcci\u00f3n po\u00e9tica de la ciudad como habitaci\u00f3n y como espacio pol\u00edtico. Perspectivas sobre la ciudad en rebeld\u00eda desde el discurso cinematogr\u00e1fico<\/strong><\/p>\n<p style=\"text-align: justify\">Ponencia le\u00edda en el VIII Coloquio Internacional de Est\u00e9tica y Arte, que se llev\u00f3 a cabo en La Habana, Cuba, del 9 al 11 de diciembre de 2013.<\/p>\n<p style=\"text-align: justify\"><strong>Bitter Moon y los dulces excesos de la carne<\/strong><\/p>\n<p style=\"text-align: justify\">Ponencia le\u00edda en el 2\u00ba Coloquio Internacional de Cine y Filosof\u00eda \u201cHistoria de los afectos: la lujuria\u201d, que se llev\u00f3 a cabo en el Aula Magna de la FFyL-UNAM, los d\u00edas 20 y 21 de noviembre de 2013.<\/p>\n<p style=\"text-align: justify\"><strong>Filosof\u00eda y streaming tv: entre la divulgaci\u00f1on y la ense\u00f1anza de la filosof\u00eda<\/strong><\/p>\n<p style=\"text-align: justify\">Ponencia le\u00edda en el 2\u00ba Coloquio de Divulgaci\u00f3n de la Filosof\u00eda, organizado por el Grupo de Divulgaci\u00f3n de la Filosof\u00eda la Escuela de Filosof\u00eda de la Universidad Panamericana, el 5 de noviembre de 2013.<\/p>\n<p style=\"text-align: justify\"><strong>El enfrentamiento pol\u00edtico de las ideas filos\u00f3ficas en Nueva Espa\u00f1a <\/strong><\/p>\n<p style=\"text-align: justify\">Ponencia le\u00edda en el Simposio \u201cProblemas de interpretaci\u00f3n de la historia del pensamiento filos\u00f3fico y pol\u00edtico en M\u00e9xico. Reflexiones hermen\u00e9uticas e historiogr\u00e1ficas\u201d, que se llev\u00f3 a cabo en Instituto de Investigaciones Filos\u00f3ficas de la UNAM, el 17 de octubre de 2013.<\/p>\n<p style=\"text-align: justify\"><strong>Filosof\u00eda e imaginaci\u00f3n po\u00e9tica. La influencia del Al-\u00c1ndalus y Ramon llull en el Renacimiento espa\u00f1ol<\/strong><\/p>\n<p style=\"text-align: justify\">Ponencia le\u00edda en el Segundo Encuentro de Investigadores del Renacimiento, que se llev\u00f3 a cabo en el Sal\u00f3n de Actos de la FFyL-UNAM, del 7 al 10 de octubre de 2013.<\/p>\n<p style=\"text-align: justify\"><strong>El deseo y la m\u00e1quina: reflexiones sobre la ciudad y el cuerpo<\/strong><\/p>\n<p style=\"text-align: justify\">Ponencia le\u00edda en el Coloquio \u201cPensamiento e inmanencia: apuntes sobre la filosof\u00eda de Gilles Deleuze\u201d, que se llev\u00f3 a cabo en la Sala de Videoconferencias del edificio \u00abAdolfo S\u00e1nchez V\u00e1zquez\u00bb de la FFyL-UNAM, del 10 al 12 de abril de 2013.<\/p>\n<p style=\"text-align: justify\"><strong>Perfiles filos\u00f3ficos <\/strong><\/p>\n<p style=\"text-align: justify\">Ponencia le\u00edda en el Coloquio de Divulgaci\u00f3n de la Filosof\u00eda. La vida examinada. La cultura filos\u00f3fica a trav\u00e9s de la divulgaci\u00f3n, que se llev\u00f3 a cabo en la Sala de Videoconferencias del edificio \u00abAdolfo S\u00e1nchez V\u00e1zquez\u00bb de la FFyL-UNAM, el 12 de noviembre de 2012.<\/p>\n<p style=\"text-align: justify\"><strong>El papel de la imaginaci\u00f3n po\u00e9tica en la Filosof\u00eda de Ramon Llull <\/strong><\/p>\n<p style=\"text-align: justify\">Ponencia le\u00edda en el Segundo Coloquio Nacional de \u00abFilosof\u00eda, Cultura y Hermen\u00e9utica Medieval\u00bb, que se llev\u00f3 a cabo en el Aula Magna del Instituto de Investigaciones Filol\u00f3gicas de la UNAM, el 26 de septiembre de 2012.<\/p>\n<p style=\"text-align: justify\"><strong>M\u00fasica y silencio: hip\u00f3tesis sobre la funci\u00f3n del orfismo y el pitagorismo en el neoplatonismo <\/strong><\/p>\n<p style=\"text-align: justify\">Ponencia le\u00edda en el Coloquio Internacional \u00abPlatonismo y neoplatonismo en el Medioevo y el Renacimiento. Su repercusi\u00f3n en la Modernidad\u00bb, que se llev\u00f3 a cabo en el Instituto de Investigaciones Filos\u00f3ficas de la UNAM, del 18 al 20 de septiembre de 2012.<\/p>\n<p style=\"text-align: justify\"><strong>La filosof\u00eda como autonom\u00eda y therapeia pol\u00edtica <\/strong><\/p>\n<p style=\"text-align: justify\">Ponencia le\u00edda en el Simposio \u00abLa filosof\u00eda en el agua\u00bb, que se llev\u00f3 a cabo del 22 al 24 de junio de 2012 en Cuautla, Morelos, como parte de las actividades acad\u00e9micas del Centro de Estudios Geneal\u00f3gicos para la Investigaci\u00f3n de la Cultura en M\u00e9xico y Am\u00e9rica Latina.<\/p>\n<p style=\"text-align: justify\"><strong>\u00a0<\/strong><strong>Filosof\u00eda, universidad y ciudadan\u00eda: hacia un modelo \u00e9tico-pol\u00edtico de innovaci\u00f3n filos\u00f3fica <\/strong><\/p>\n<p style=\"text-align: justify\">Ponencia le\u00edda en el Coloquio \u00abPensar m\u00e1s all\u00e1 de la RIEMS. La transmisi\u00f3n de las capacidades filos\u00f3ficas a debate\u00bb, que se llev\u00f3 a cabo en la Sala de Videoconferencias del edificio \u00abAdolfo S\u00e1nchez V\u00e1zquez\u00bb de la FFyL-UNAM, el 23 y 24 de abril de 2012<strong>.<\/strong><\/p>\n<p style=\"text-align: justify\"><strong>La invenci\u00f3n del placer m\u00e1s all\u00e1 del deseo y la necesidad. Michel Onfray y la apropiaci\u00f3n contempor\u00e1nea de los fil\u00f3sofos c\u00ednicos y cirenaicos<\/strong><\/p>\n<p style=\"text-align: justify\">Ponencia le\u00edda en el III Congreso Internacional de la Asociaci\u00f3n Latinoamericana de Filosof\u00eda Antigua, que se llev\u00f3 a cabo en el centro de Estudios Filos\u00f3ficos de la Pontificia Universidad Cat\u00f3lica del Per\u00fa, en la ciudad de Lima, Per\u00fa, del 9 al 11 de noviembre de 2011.<\/p>\n<p style=\"text-align: justify\"><strong>Microf\u00edsica de la violencia: an\u00e1lisis del acontecimiento como espect\u00e1culo y superficie<\/strong><\/p>\n<p style=\"text-align: justify\">Ponencia le\u00edda en el Simposio \u201cViolencia y espect\u00e1culo\u201d del XVI Congreso Internacional de Filosof\u00eda \u201cFilosof\u00eda: raz\u00f3n y violencia\u201d, organizado por la Asociaci\u00f3n Filos\u00f3fica de M\u00e9xico, en la Facultad de Humanidades de la UAEM, en la ciudad de Toluca, del 24 al 28 de octubre de 2011.<\/p>\n<p style=\"text-align: justify\"><strong>La filosof\u00eda como desgarradura y transtierro<\/strong><\/p>\n<p style=\"text-align: justify\">Ponencia le\u00edda en la Mesa \u00abLa exclusi\u00f3n como violencia: Retos de la filosof\u00eda mexicana II\u00bb del Simposio \u201cFilosof\u00eda mexicana\u201d, que form\u00f3 parte de las actividades del XVI Congreso Internacional de Filosof\u00eda \u201cFilosof\u00eda: raz\u00f3n y violencia\u201d, organizado por la Asociaci\u00f3n Filos\u00f3fica de M\u00e9xico, en la Facultad de Humanidades de la UAEM, en la ciudad de Toluca, del 24 al 28 de octubre de 2011.<\/p>\n<p style=\"text-align: justify\"><strong>Los cantos \u00f3rficos y su magia secreta<\/strong><\/p>\n<p style=\"text-align: justify\">Ponencia le\u00edda en el Primer Encuentro de Investigadores del Renacimiento, organizado por el Colegio de Filosof\u00eda y el Grupo Acad\u00e9mico Marsilio Ficino en el Sal\u00f3n de Actos de la Facultad de Filosof\u00eda y Letras de la UNAM, del 5 al 7 de octubre de 2011.<\/p>\n<p style=\"text-align: justify\"><strong>Violencia, memoria y utop\u00eda<\/strong><strong>\u00a0en la ciudad del sinsentido<\/strong><\/p>\n<p style=\"text-align: justify\">Ponencia le\u00edda en la Mesa: \u201cDiscusiones en torno a la noci\u00f3n de violencia\u201d del\u00a0<em>Coloquio Violencia, memoria y derechos humanos en Am\u00e9rica Latina en el siglo XX<\/em>, que se llev\u00f3 a cabo en el Sal\u00f3n de Actos de la Facultad de Filosof\u00eda y Letras de la Universidad Nacional Aut\u00f3noma de M\u00e9xico, el 25 y 26 de abril de 2011.<\/p>\n<p style=\"text-align: justify\"><strong>La autonom\u00eda como acontecimiento.\u00a0<\/strong><strong>Desciframientos\u00a0\u00e9ticos en la ciudad del sinsentido<\/strong><\/p>\n<p style=\"text-align: justify\">Ponencia le\u00edda en el\u00a0<em>4\u00ba Coloquio Michel Foucault:<\/em><em>\u00a0Pensar el Acontecimiento<\/em>, que se llev\u00f3 a cabo en el Sal\u00f3n de Actos de la Facultad de Filosof\u00eda y Letras de la Universidad Nacional Aut\u00f3noma de M\u00e9xico, coordinado por Alberto Constante, Ram\u00f3n Chaverry y Jos\u00e9 Alberto Mora, el 25 de febrero de 2011.<\/p>\n<p style=\"text-align: justify\"><strong>Representaciones imaginarias de Occidente en el pensamiento \u00e1rabe medieval<\/strong><\/p>\n<p style=\"text-align: justify\">Ponencia le\u00edda en el\u00a0<em>Encuentro Iberoamericano Pensar Occidente<\/em>, que se llev\u00f3 a cabo en el Sal\u00f3n de Actos de la Facultad de Filosof\u00eda y Letras de la UNAM, del 6 al 7 de diciembre de 2010.<\/p>\n<p style=\"text-align: justify\"><strong>Constitucionalismo y anticolonialismo en la obra de Francisco Severo Maldonado: Fundamentos filos\u00f3ficos para una Naci\u00f3n Independiente<\/strong><\/p>\n<p style=\"text-align: justify\">Ponencia le\u00edda en la Mesa:<em>\u00a0Filosof\u00eda pol\u00edtica de la Independencia en M\u00e9xico<\/em>, que se llev\u00f3 a cabo en el XVI Congreso Interamericano de Filosof\u00eda \u201cDi\u00e1logo de lenguas y culturas\u201d, organizado por la Asociaci\u00f3n Filos\u00f3fica de M\u00e9xico, en colaboraci\u00f3n con la Universidad Aut\u00f3noma de Sinaloa y El Colegio de Sinaloa, en la ciudad de Mazatl\u00e1n, Sinaloa, del 28 de noviembre al 3 de diciembre de 2010.<\/p>\n<p style=\"text-align: justify\"><strong>El papel de la religi\u00f3n en la constituci\u00f3n de un M\u00e9xico independiente: Manuel Mar\u00eda Gorri\u00f1o y Arduengo<\/strong><\/p>\n<p style=\"text-align: justify\">Ponencia le\u00edda en el\u00a0<em>Simposio Iberoamericano: Filosof\u00eda, independencia y revoluci\u00f3n<\/em>, que se llev\u00f3 a cabo en la Facultad de Estudios Superiores-Acatl\u00e1n y la Facultad de Filosof\u00eda y Letras de la UNAM, organizado por el Seminario permanente de Filosof\u00eda mexicana y el Proyecto PAPIIT IN403809 \u201cValores y Pol\u00edtica en las relaciones interculturales\u201d, del 24, 27 y 28 de septiembre de 2010.<\/p>\n<p style=\"text-align: justify\"><strong>Desiertos imaginarios y territorios bald\u00edos. Ensayo sobre las transfiguraciones simb\u00f3lico-imaginarias de la ciudad, la violencia y la frontera.<\/strong><\/p>\n<p style=\"text-align: justify\">Ponencia le\u00edda en el\u00a0<em>Congreso Nacional \u201cLa filosof\u00eda frente a la globalizaci\u00f3n cultural\u201d<\/em>, que se llev\u00f3 a cabo en el Centro de Investigaciones sobre Am\u00e9rica Latina y el Caribe, organizado con la colaboraci\u00f3n de la Asociaci\u00f3n Nacional de Estudios Filos\u00f3ficos y Human\u00edsticos, A. C., del 17 al 19 de marzo de 2010.<\/p>\n<p style=\"text-align: justify\"><strong>La filosof\u00eda como forma de resitencia y ejercicio de libertad en la\u00a0<em>ciudad del sinsentido<\/em><\/strong><\/p>\n<p style=\"text-align: justify\">Ponencia le\u00edda en la Mesa 4 del\u00a0<em>Simposio La filosof\u00eda como forma de vida y cr\u00edtica de la cultura<\/em>, que se llev\u00f3 a cabo en el XV Congreso Internacional de Filosof\u00eda \u201cEl di\u00e1logo filos\u00f3fico\u201d, organizado por la Asociaci\u00f3n Filos\u00f3fica de M\u00e9xico, en la Zona de Investigaci\u00f3n en Humanidades de Ciudad Universitaria, Ciudad de M\u00e9xico, del 25 al 29 de enero de 2010.<\/p>\n<p style=\"text-align: justify\"><strong>Vidas filos\u00f3ficas del mundo antiguo: la cuesti\u00f3n del \u201cdominio de s\u00ed\u201d entre estoicos y neoplat\u00f3nicos<\/strong><\/p>\n<p style=\"text-align: justify\">Comentario a las ponencias de la Mesa 1 del\u00a0<em>Simposio La filosof\u00eda como forma de vida y cr\u00edtica de la cultura: Hacia una<\/em>\u00a0Therapeia filos\u00f3fica, que se llev\u00f3 a cabo en el XV Congreso Internacional de Filosof\u00eda \u201cEl di\u00e1logo filos\u00f3fico\u201d, organizado por la Asociaci\u00f3n Filos\u00f3fica de M\u00e9xico, en la Zona de Investigaci\u00f3n en Humanidades de Ciudad Universitaria, Ciudad de M\u00e9xico, del 25 al 29 de enero de 2010.<\/p>\n<p style=\"text-align: justify\"><strong>Im\u00e1genes e imaginaciones de un silencio elocuente: el problema de la libertad imaginaria desde el lenguaje cinematogr\u00e1fico<\/strong><\/p>\n<p style=\"text-align: justify\">Ponencia le\u00edda en el VI Coloquio Internacional de Est\u00e9tica y Arte, que se llev\u00f3 a cabo en La Habana, Cuba, del 9 al 11 de diciembre de 2009.<\/p>\n<p style=\"text-align: justify\"><strong><em>Vigilar y castigar<\/em><\/strong><strong>\u00a0a la luz de\u00a0<em>La genealog\u00eda de la moral<\/em>. Notas sobre el castigo y el suplicio en la \u201cciudad del sinsentido\u201d<\/strong><\/p>\n<p style=\"text-align: justify\">Ponencia le\u00edda en el 2\u00ba Coloquio Michel Foucault. Vigilar y Castigar, que se llev\u00f3 a cabo en la Facultad de Filosof\u00eda y Letras de la Universidad Nacional Aut\u00f3noma de M\u00e9xico, coordinado por Alberto Constante, Ram\u00f3n Chaverry y Donovan Castellanos, con el apoyo de la Divisi\u00f3n de Estudios de Posgrado y el Programa de Maestr\u00eda y Doctorado en Filosof\u00eda, del 14 al 15 de enero de 2009, en el Sal\u00f3n de Actos.<\/p>\n<p style=\"text-align: justify\"><strong>Imaginaci\u00f3n, memoria y silencio. Sobre el cuidado de s\u00ed como una soluci\u00f3n \u00e9tica frente a la pol\u00edtica del terror y del espect\u00e1culo<\/strong><\/p>\n<p style=\"text-align: justify\">Ponencia le\u00edda en IV Congeso Internacional Interdisciplinario sobre la imaginaci\u00f3n, lo imaginario y la racionalidad \u201c<em>Imaginarios impulsos de vida<\/em><em>\u201d<\/em>, que se llev\u00f3 a cabo en la Facultad de Filosof\u00eda y Letras de la Universidad Nacional Aut\u00f3noma de M\u00e9xico, coordinado por la Dra. Mar\u00eda Noel Lapoujade, con el apoyo del Colegio de Filosof\u00eda, el 27 al 30 de octubre de 2008, en el Aula Magna \u201cfray Alonso de la Veracruz\u201d.<\/p>\n<p style=\"text-align: justify\"><strong>Rostro y coraz\u00f3n: categor\u00edas de una \u00e9tica-po\u00e9tica en el pensamiento mexica<\/strong><\/p>\n<p style=\"text-align: justify\">Ponencia le\u00edda en las Segundas Jornadas de Filosof\u00eda Mexicana<em>\u00a0\u201cLa filsof\u00eda mexicana: retrospectiva y actualidad\u201d<\/em>, que se llev\u00f3 a cabo en la Facultad de Filosof\u00eda y Letras de la Universidad Nacional Aut\u00f3noma de M\u00e9xico, coordinado por el Mtro. Vict\u00f3rico Mu\u00f1oz, con el apoyo del Colegio de Filosof\u00eda y el Seminario Permanente de Filosof\u00eda Mexicana, el 22 de octubre de 2008, en el Sal\u00f3n de Actos.<\/p>\n<p style=\"text-align: justify\"><strong>Los medios electr\u00f3nicos como alternativa para la edici\u00f3n independiente<\/strong><\/p>\n<p style=\"text-align: justify\">Ponencia le\u00edda en el 1er Coloquio de Editores Independientes y Alternativos, que se llev\u00f3 a cabo en la Facultad de Filosof\u00eda y Letras de la Universidad Nacional Aut\u00f3noma de M\u00e9xico, coordinado por Hugo Alfonso Espinoza Rubio, con el apoyo del Colegio de Letras Hisp\u00e1nicas y el Colegio de Letras Modernas, del 11 al 12 de agosto de 2008, en el Sal\u00f3n de Actos.<\/p>\n<p style=\"text-align: justify\"><strong>El\u00a0<em>De ente et uno<\/em>\u00a0en el carnaval teol\u00f3gico-filos\u00f3fico del Renacimiento florentino<\/strong><\/p>\n<p style=\"text-align: justify\">Ponencia le\u00edda en el Coloquio<em>\u00a0\u201cGiovanni Pico della Mirandola: su pensamiento, influencias y repercusiones\u201d<\/em>, que se llev\u00f3 a cabo en la Facultad de Filosof\u00eda y Letras de la Universidad Nacional Aut\u00f3noma de M\u00e9xico, coordinado por el Dr. Ernesto Priani Sais\u00f3, con el apoyo del Colegio de Filosof\u00eda, del 5 al 7 de mayo de 2008, en el Aula Magna \u201cfray Alonso de la Veracruz\u201d.<\/p>\n<p style=\"text-align: justify\"><strong>Fantas\u00edas y ficciones en la\u00a0<em>ciudad del sinsentido<\/em>: reflexiones en torno al desarrollo de la est\u00e9tica del terror en las sociedades del espect\u00e1culo<\/strong><\/p>\n<p style=\"text-align: justify\">Ponencia le\u00edda en\u00a0<em>2\u00ba Congreso Internacional de Cultura y Arte de los Siglos XIX al XXI<\/em>, que se llev\u00f3 a cabo en la Facultad de Filosof\u00eda y Letras de la Benem\u00e9rita Universidad Aut\u00f3noma de Puebla, del 21 al 23 de abril de 2008, mediante la organizaci\u00f3n de la Maestr\u00eda en Est\u00e9tica y Arte y el apoyo de la Secretaria de Investigaci\u00f3n y Estudios de Posgrado y el Cuerpo Acad\u00e9mico Consolidado de Est\u00e9tica.<\/p>\n<p style=\"text-align: justify\"><strong>El cine y la formaci\u00f3n cultural de las sociedades contempor\u00e1neas<\/strong><\/p>\n<p style=\"text-align: justify\">Ponencia le\u00edda en el\u00a0<em>Simposio \u201cHacia una filosof\u00eda sin complejos\u201d<\/em>, organizado por el Centro de Estudios Geneal\u00f3gicos para la Investigaci\u00f3n de la Cultura en M\u00e9xico y Am\u00e9rica Latina, A. C., en Huasca de Ocampo, Hidalgo, del 13 al 16 de marzo de 2008.<\/p>\n<p style=\"text-align: justify\"><strong>La formaci\u00f3n cultural de la Nueva Espa\u00f1a. Conquista y colonizaci\u00f3n: la emergencia de subjetividades fronterizas<\/strong><\/p>\n<p style=\"text-align: justify\">Ponencia le\u00edda en el\u00a0<em>Simposio \u201cHacia una filosof\u00eda sin complejos\u201d<\/em>, organizado por el Centro de Estudios Geneal\u00f3gicos para la Investigaci\u00f3n de la Cultura en M\u00e9xico y Am\u00e9rica Latina, A. C., en Huasca de Ocampo, Hidalgo, del 13 al 16 de marzo de 2008.<\/p>\n<p style=\"text-align: justify\"><strong>Terror y espect\u00e1culo en la\u00a0<em>ciudad del sinsentido<\/em>: entre la\u00a0<em>gubernamentalidad<\/em>\u00a0y el\u00a0<em>cuidado de s\u00ed<\/em><\/strong><\/p>\n<p style=\"text-align: justify\">Ponencia le\u00edda en el\u00a0<em>Coloquio Michel Foucault: Reflexiones sobre el saber, el poder, la verdad y las pr\u00e1cticas de s\u00ed<\/em>, que se llev\u00f3 a cabo en la Facultad de Filosof\u00eda y Letras de la Universidad Nacional Aut\u00f3noma de M\u00e9xico, coordinado por el Dr. Alberto Constante y el Dr. Ernesto Priani Sais\u00f3, con el apoyo de la Divisi\u00f3n de Estudios de Posgrado y el Programa de Maestr\u00eda y Doctorado en Filosof\u00eda, del 8 al 10 de enero de 2008, en el Sal\u00f3n de Actos.<\/p>\n<p style=\"text-align: justify\"><strong>Circo, carnaval y juego<\/strong><\/p>\n<p style=\"text-align: justify\">Ponencia le\u00edda en el\u00a0<em>XIV Congreso Internacional de Filosof\u00eda \u201cIdentidad y diferencia\u201d<\/em>, dentro del Simposio: Filosof\u00eda del juego, organizado por la Asociaci\u00f3n Filos\u00f3fica de M\u00e9xico, A. C., con el apoyo del Gobierno del Estado de Sinaloa y el Colegio de Sinaloa, en Mazatl\u00e1n, Sinaloa, del 4 al 9 de noviembre de 2007.<\/p>\n<p style=\"text-align: justify\"><strong>Espect\u00e1culos y espejismos del mundo contempor\u00e1neo. Reflexiones filos\u00f3ficas en torno a las persistencias e impertinencias de la cultura barroca<\/strong><\/p>\n<p style=\"text-align: justify\">Ponencia le\u00edda en el\u00a0<em>1er Seminario Internacional de Filosof\u00eda, Pol\u00edtica y Cultura del Barroco y II Congreso Internacional sobre Procesos Culturales en M\u00e9xico: Cultura Novohispana<\/em>, que se llevaron a cabo en\u00a0 la Facultad de Filosof\u00eda y Letras de la Benem\u00e9rita Universidad Aut\u00f3noma de Puebla, con el apoyo de la Universidad Aut\u00f3noma Metropolitana-Unidad Iztapalapa, del 24 al 26 de mayo de 2006.<\/p>\n<p style=\"text-align: justify\"><strong>Escenarios de violencia y barbarie: espect\u00e1culos y espejismos del mundo contempor\u00e1neo<\/strong><\/p>\n<p style=\"text-align: justify\">Ponencia le\u00edda en el\u00a0<em>Simposio \u201cCorporalidad, subjetividad y espacios imaginarios\u201d<\/em>, organizado por el Centro de Estudios Geneal\u00f3gicos para la Investigaci\u00f3n de la Cultura en M\u00e9xico y Am\u00e9rica Latina, A. C., en la Casa de Retiros \u201cAgua Viva\u201d, Amecameca, Estado de M\u00e9xico, del 24 al 26 de marzo de 2006.<\/p>\n<p style=\"text-align: justify\"><strong>Microf\u00edsica de la violencia. Posibilidades de un estudio geneal\u00f3gico de la inscripci\u00f3n del poder sobre los cuerpos<\/strong><\/p>\n<p style=\"text-align: justify\">Ponencia le\u00edda en el\u00a0<em>1er Congreso Internacional \u201cEl cuerpo en el siglo XXI del trozo a la trama\u201d<\/em>, organizado por la Universidad Aut\u00f3noma del Estado de M\u00e9xico, en las instalaciones de su Casa de Cultura en Tlalpan, Ciudad de M\u00e9xico, el 25 de noviembre de 2005.<\/p>\n<p style=\"text-align: justify\"><strong>Filosof\u00eda y cr\u00edtica de la cultura cinematogr\u00e1fica de las sociedades contempor\u00e1neas<\/strong><\/p>\n<p style=\"text-align: justify\">Ponencia le\u00edda en\u00a0<em>1er Congreso Internacional de Cultura y Arte del Siglo XIX al XXI<\/em>, que se llev\u00f3 a cabo en la Facultad de Filosof\u00eda y Letras de la Benem\u00e9rita Universidad Aut\u00f3noma de Puebla, del 14 al 18 de noviembre de 2005, mediante la organizaci\u00f3n de la Maestr\u00eda en Est\u00e9tica y Arte y el apoyo de la Secretaria de Investigaci\u00f3n y Estudios de Posgrado.<\/p>\n<p style=\"text-align: justify\"><strong>Apuntes para un\u00a0<em>estudio fenomenol\u00f3gico<\/em>\u00a0de la violencia en el mundo contempor\u00e1neo<\/strong><\/p>\n<p style=\"text-align: justify\">Ponencia le\u00edda en el\u00a0<em>Coloquio Abierto de Estudiantes de Filosof\u00eda 2004<\/em>, que se llev\u00f3 a cabo en la Facultad de Filosof\u00eda y Letras de la Universidad Nacional Aut\u00f3noma de M\u00e9xico, del 15 al 19 de marzo de 2004.<\/p>\n<p style=\"text-align: justify\"><strong>Saber y encierro: el Instituto de investigaci\u00f3n en M\u00e9xico.\u00a0<\/strong><strong>Estudio geneal\u00f3gico sobre la formaci\u00f3n del investigador<\/strong><\/p>\n<p style=\"text-align: justify\">Ponencia le\u00edda en el\u00a0<em>Primer Encuentro \u201cViolencia, poder y subjetividad\u201d<\/em>, que se llev\u00f3 a cabo en la Escuela Nacional de Antropolog\u00eda e Historia, con la ayuda del Centro de Estudios Interdisciplinarios Michel Foucault, del 12 al 15 de mayo de 2003.<\/p>\n<p style=\"text-align: justify\"><strong>Cultura occidental: fantas\u00eda del mundo moderno<\/strong><\/p>\n<p style=\"text-align: justify\">Ponencia le\u00edda en el\u00a0<em>Primer Encuentro Iberoamericano de Estudiantes de Filosof\u00eda<\/em><strong>,\u00a0<\/strong>que se llev\u00f3 a cabo en la Facultad de Filosof\u00eda y Letras de la Universidad Nacional Aut\u00f3noma de M\u00e9xico, del 11 al 16 de noviembre de 2002.<\/p>\n<p style=\"text-align: justify\"><strong>La producci\u00f3n art\u00edstica como acto religioso<\/strong><\/p>\n<p style=\"text-align: justify\">Ponencia le\u00edda en el\u00a0<em>Coloquio de Filosof\u00eda rumbo al XVIII Congreso Nacional de Estudiantes y Pasantes de Filosof\u00eda Guadalajara 2001<\/em>, que se llev\u00f3 a cabo en la Facultad de Filosof\u00eda y Letras de la Universidad Nacional Aut\u00f3noma de M\u00e9xico, del 21 de febrero al 5 de abril de 2001.<\/p>\n<p style=\"text-align: justify\"><strong>De la hierofan\u00eda a la imagen po\u00e9tica: la religiosidad del ser humano<\/strong><\/p>\n<p style=\"text-align: justify\">Ponencia le\u00edda en el\u00a0<em>Encuentro Regional Interdisciplinario de Estudiantes y Pasantes de Filosof\u00eda y \u00c1rea de Humanidades<\/em>, que se llev\u00f3 a cabo en la Facultad de Filosof\u00eda y Letras de la Universidad Aut\u00f3noma de Nuevo Le\u00f3n, del 15 al 17 de noviembre del 2000.<\/p>\n<p style=\"text-align: justify\"><strong>Filosof\u00eda, mito y cultura<\/strong><\/p>\n<p style=\"text-align: justify\">Ponencia le\u00edda en el\u00a0<em>XVII Encuentro Nacional de Estudiantes y Pasantes de Filosof\u00eda,\u00a0<\/em>que se llev\u00f3 a cabo en la Facultad de Filosof\u00eda y Letras de la Universidad Michoacana de San Nicol\u00e1s de Hidalgo, del 15 al 20 de mayo del 2000.<\/p>\n<p style=\"text-align: justify\"><strong>La tradici\u00f3n oral y escrita en Grecia<\/strong><\/p>\n<p style=\"text-align: justify\">Ponencia le\u00edda en el\u00a0<em>Primer Coloquio Interdisciplinario de las \u00e1reas de Antropolog\u00eda, Filosof\u00eda e Historia,\u00a0<\/em>que se llev\u00f3 a cabo en la Universidad Aut\u00f3noma de Quer\u00e9taro, el 13 de noviembre de 1999.<\/p>\n<p style=\"text-align: justify\"><strong>El proyecto rom\u00e1ntico de la ilustraci\u00f3n protestante<\/strong><\/p>\n<p style=\"text-align: justify\">Ponencia le\u00edda en el\u00a0<em>XVI Encuentro Nacional de Estudiantes y Pasantes de Filosof\u00eda<\/em>, que se llev\u00f3 a cabo en la Universidad Veracruzana, el 15 de mayo de 1999.<\/p>\n<p style=\"text-align: justify\"><strong>El demonismo del Amor: s\u00edntesis de los rituales dionisiacos<\/strong><\/p>\n<p style=\"text-align: justify\">Ponencia le\u00edda en el\u00a0<em>XV Encuentro Nacional de Estudiantes y Pasantes de Filosof\u00eda<\/em>, que se llev\u00f3 a cabo en la Universidad Aut\u00f3noma de Nuevo Le\u00f3n, del 12 al 16 de mayo de 1998.<\/p>\n<p style=\"text-align: justify\"><strong>Filosof\u00eda de la Liberaci\u00f3n: una propuesta para hacer filosof\u00eda latinoamericana<\/strong><\/p>\n<p style=\"text-align: justify\">Ponencia le\u00edda en el\u00a0<em>IV Congreso Regional de Filosof\u00eda<\/em>, que se llev\u00f3 a cabo en la Universidad Aut\u00f3noma de Quer\u00e9taro, del 27 al 29 de noviembre de 1997.<\/p>\n<p style=\"text-align: justify\"><strong>La Etica o el producto de las ficciones del tener tiempo<\/strong><\/p>\n<p style=\"text-align: justify\">Ponencia le\u00edda en el\u00a0<em>XIV Encuentro Nacional de Estudiantes y Pasantes de Filosof\u00eda<\/em>, que se llev\u00f3 a cabo en la Benem\u00e9rita Universidad Aut\u00f3noma\u00a0 de Puebla, el 17 de mayo de 1997.<\/p>\n<p>&nbsp;<\/p>\n","protected":false},"excerpt":{"rendered":"<p>Cuerpos n\u00f3madas: entre la impotencia y el sentimiento de potencia \u00a0 Ponencia le\u00edda en el I Encuentro Interdisciplinar Internacional \u201cCultura, Violencia y Paz\u201d, que se llev\u00f3 a cabo en la Facultad de Ciencias Sociales y Humanidades de la Universidad Aut\u00f3noma &hellip; <a href=\"https:\/\/estudiosgenealogicos.org\/choreno\/difusion\/ponencias\/\">Sigue leyendo <span class=\"meta-nav\">&rarr;<\/span><\/a><\/p>\n","protected":false},"author":6,"featured_media":0,"parent":6,"menu_order":0,"comment_status":"open","ping_status":"open","template":"","meta":{"_bbp_topic_count":0,"_bbp_reply_count":0,"_bbp_total_topic_count":0,"_bbp_total_reply_count":0,"_bbp_voice_count":0,"_bbp_anonymous_reply_count":0,"_bbp_topic_count_hidden":0,"_bbp_reply_count_hidden":0,"_bbp_forum_subforum_count":0,"_crdt_document":"","footnotes":""},"class_list":["post-26","page","type-page","status-publish","hentry"],"jetpack_sharing_enabled":true,"_links":{"self":[{"href":"https:\/\/estudiosgenealogicos.org\/choreno\/wp-json\/wp\/v2\/pages\/26","targetHints":{"allow":["GET"]}}],"collection":[{"href":"https:\/\/estudiosgenealogicos.org\/choreno\/wp-json\/wp\/v2\/pages"}],"about":[{"href":"https:\/\/estudiosgenealogicos.org\/choreno\/wp-json\/wp\/v2\/types\/page"}],"author":[{"embeddable":true,"href":"https:\/\/estudiosgenealogicos.org\/choreno\/wp-json\/wp\/v2\/users\/6"}],"replies":[{"embeddable":true,"href":"https:\/\/estudiosgenealogicos.org\/choreno\/wp-json\/wp\/v2\/comments?post=26"}],"version-history":[{"count":4,"href":"https:\/\/estudiosgenealogicos.org\/choreno\/wp-json\/wp\/v2\/pages\/26\/revisions"}],"predecessor-version":[{"id":767,"href":"https:\/\/estudiosgenealogicos.org\/choreno\/wp-json\/wp\/v2\/pages\/26\/revisions\/767"}],"up":[{"embeddable":true,"href":"https:\/\/estudiosgenealogicos.org\/choreno\/wp-json\/wp\/v2\/pages\/6"}],"wp:attachment":[{"href":"https:\/\/estudiosgenealogicos.org\/choreno\/wp-json\/wp\/v2\/media?parent=26"}],"curies":[{"name":"wp","href":"https:\/\/api.w.org\/{rel}","templated":true}]}}