{"id":30,"date":"2012-12-01T09:45:34","date_gmt":"2012-12-01T09:45:34","guid":{"rendered":"http:\/\/estudiosgenealogicos.org\/choreno\/?page_id=30"},"modified":"2014-09-15T16:48:05","modified_gmt":"2014-09-15T22:48:05","slug":"genealogia-de-la-violencia","status":"publish","type":"page","link":"https:\/\/estudiosgenealogicos.org\/choreno\/proyectos-de-investigacion\/genealogia-de-la-violencia\/","title":{"rendered":"Genealog\u00eda de la violencia"},"content":{"rendered":"<p>En este programa de investigaci\u00f3n nos dedicamos al estudio geneal\u00f3gico de los diferentes procesos de formaci\u00f3n cultural de las sociedades contempor\u00e1neas, con la intenci\u00f3n de formar diagn\u00f3sticos sobre la emergencia, la organizaci\u00f3n, activaci\u00f3n y funcionamiento de sus dispositivos de control pol\u00edtico. Para ello, la hip\u00f3tesis con la que hemos estado trabajado colectivamente, aunque s\u00f3lo sea como punto de partida, consiste en asumir que la principal caracter\u00edstica cultural de las sociedades contempor\u00e1neas, su marca inconfundible, consiste en estar inmersas \u2013casi inercialmente\u2013 en un movimiento cultural que parece estar orientado hacia la anulaci\u00f3n de la diversidad de los modos de vida o hacia su hundimiento en el m\u00e1s profundo\u00a0<em>sinsentido<\/em>, y que es posible investigar los mecanismos culturales mediante los cuales se despliegan los efectos de poder de esta voluntad de anulaci\u00f3n y hundimiento, mediante el an\u00e1lisis de las relaciones de poder y del papel de la imagen y la imaginaci\u00f3n en la organizaci\u00f3n del poder medi\u00e1tico en las sociedades contempor\u00e1neas, es decir, en las sociedades de consumo, del espect\u00e1culo, del riesgo, de la complicidad totalitaria. El objetivo \u00faltimo de este programa de investigaci\u00f3n y de los distintos proyectos que comprende, es el reconocimiento de las condiciones de posibilidad para lograr oponer alg\u00fan tipo de resistencia o estrategia de liberaci\u00f3n pol\u00edtica de nuestra formaci\u00f3n cultural.<\/p>\n<p><strong>Investigadores Asociados:<\/strong><\/p>\n<ul>\n<li>Rafael \u00c1ngel G\u00f3mez Chore\u00f1o<\/li>\n<li>Osiris SInuh\u00e9 Gonz\u00e1lez Romero<\/li>\n<li>Donovan Adri\u00e1n Hern\u00e1ndez Castellanos<\/li>\n<li>Bily L\u00f3pez Gonz\u00e1lez<\/li>\n<li>C\u00e9sar Manuel L\u00f3pez P\u00e9rez<\/li>\n<li>Marcelo M\u00e9ndez Medina<\/li>\n<li>V\u00edctor Alejandro Polanco Fr\u00edas<\/li>\n<li>Alejandra Rivera Quintero<\/li>\n<li>Gema Ivette Sarmiento Guti\u00e9rrez<\/li>\n<\/ul>\n<p><strong>Estudiantes Asociados<\/strong><\/p>\n<ul>\n<li>Uriel Bautista<\/li>\n<li>Yesica Pamela Castro Figueroa<\/li>\n<li>Jazm\u00edn Paola Cruz Ch\u00e1vez<\/li>\n<li>Gonzalo Ch\u00e1vez Salazar<\/li>\n<li>\u00c1lvaro Enr\u00edquez<\/li>\n<li>Eduardo Garc\u00eda<\/li>\n<li>Jamily\u00a0Dolores Gonz\u00e1lez Molina<\/li>\n<li>Omar Huaracha<\/li>\n<li>Enrique Jim\u00e9nez Villarreal<\/li>\n<li>Genaro Wong Montoya<\/li>\n<li>Jorge Palacios<\/li>\n<li>Rafael Peralta Mart\u00ednez<\/li>\n<li>Jesus Salvador Sig\u00fcenza Garcia<\/li>\n<li>Fabiola Trujano<\/li>\n<\/ul>\n<p><strong>Proyectos de Investigaci\u00f3n:<\/strong><\/p>\n<ul>\n<li>ETM002-PI01 (Investigaci\u00f3n Individual): \u00abApuntes para una genealog\u00eda de la violencia\u00bb\u00a0(Rafael \u00c1ngel G\u00f3mez Chore\u00f1o)<\/li>\n<li>ETM002-PI02\u00a0(Investigaci\u00f3n Individual):\u00a0\u00abEstigmatizaci\u00f3n y exterminio\u00bb\u00a0(Rafael \u00c1ngel G\u00f3mez Chore\u00f1o)<\/li>\n<li>ETM002-PI03 (Investigaci\u00f3n Individual):\u00a0\u00abRevelaciones del ni\u00f1o del espejo\u00bb\u00a0(Rafael \u00c1ngel G\u00f3mez Chore\u00f1o)<\/li>\n<li>ETM002-PI04\u00a0(Investigaci\u00f3n Individual):\u00a0\u00abLa violencia del poder\u00bb\u00a0(Rafael \u00c1ngel G\u00f3mez Chore\u00f1o)<\/li>\n<li>ETM002-PI05\u00a0(Investigaci\u00f3n Individual):\u00a0\u00abEl poder de la violencia\u00bb\u00a0(Rafael \u00c1ngel G\u00f3mez Chore\u00f1o)<\/li>\n<li>ETM002-PI06\u00a0(Investigaci\u00f3n Individual):\u00a0\u00abEl enigma de la esfinge\u00bb\u00a0(Rafael \u00c1ngel G\u00f3mez Chore\u00f1o)<\/li>\n<li>ETM002-PI07 (Investigaci\u00f3n Individual):\u00a0\u00abLos olvidos de la memoria\u00bb\u00a0(Rafael \u00c1ngel G\u00f3mez Chore\u00f1o)<\/li>\n<li>ETM002-PI08\u00a0(Investigaci\u00f3n Individual):\u00a0\u00abEl silencio de las palabras\u00bb\u00a0(Rafael \u00c1ngel G\u00f3mez Chore\u00f1o)<\/li>\n<li>ETM002-PC01 (Investigaci\u00f3n Colectiva):\u00a0\u00abT\u00f3pica de la violencia\u00bb\u00a0(Coordinador:\u00a0Rafael \u00c1ngel G\u00f3mez Chore\u00f1o)<\/li>\n<li>ETM002-PC02 (Investigaci\u00f3n Colectiva):\u00a0\u00abFenomenolog\u00eda de la violencia\u00bb\u00a0(Coordinador:\u00a0Rafael \u00c1ngel G\u00f3mez Chore\u00f1o)<\/li>\n<li>ETM002-PC03 (Investigaci\u00f3n Colectiva):\u00a0\u00abAnatom\u00eda pol\u00edtica de la violencia\u00bb\u00a0(Coordinador:\u00a0Rafael \u00c1ngel G\u00f3mez Chore\u00f1o)<\/li>\n<li>ETM002-PC04 (Investigaci\u00f3n Colectiva):\u00a0\u00abArqueolog\u00eda de la violencia\u00bb\u00a0(Coordinador:\u00a0Rafael \u00c1ngel G\u00f3mez Chore\u00f1o)<\/li>\n<li>ETM002-PC05 (Investigaci\u00f3n Colectiva):\u00a0\u00abMicrof\u00edsica de la violencia\u00bb\u00a0(Coordinador:\u00a0Rafael \u00c1ngel G\u00f3mez Chore\u00f1o)<\/li>\n<li>ETM002-PC06\u00a0(Investigaci\u00f3n Colectiva):\u00a0\u00abFisiolog\u00eda de la violencia\u00bb\u00a0(Coordinador: Rafael \u00c1ngel G\u00f3mez Chore\u00f1o)<\/li>\n<li>ETM002-PC07 (Investigaci\u00f3n Colectiva):\u00a0\u00abViolencia y espect\u00e1culo\u00bb\u00a0(Coordinador: Bily L\u00f3pez Gonz\u00e1lez)<\/li>\n<li>ETM002-PC03\/PI01\u00a0(Investigaci\u00f3n Individual):\u00a0\u00abCarnalismo y Firmeza: Reflexiones geneal\u00f3gicas sobre la pandilla\u00bb\u00a0(Genaro Wong Montoya)<\/li>\n<li>ETM002-PC04\/PI01\u00a0(Investigaci\u00f3n Individual):\u00a0\u00abGobierno, ciudadan\u00eda y justicia social\u00bb\u00a0(Genaro Wong Montoya)<\/li>\n<li>ETM002-PC02\/PI01\u00a0(Investigaci\u00f3n Individual): \u00abHistorias sobre el Rap\u00bb\u00a0(Genaro Wong Montoya)<\/li>\n<li>ETM002-PC03\/PI02 (Investigaci\u00f3n Individual):\u00a0\u00abHistorias de anormalidad\u00bb\u00a0(Genaro Wong Montoya)<\/li>\n<li>ETM002-PC03\/PC01\u00a0(Investigaci\u00f3n Colectiva):\u00a0\u00abEstudios geneal\u00f3gicos sobre la pandilla\u00bb\u00a0(Coordinador: Genaro Wong Montoya)<\/li>\n<li>ETM002-PC04\/PI01\u00a0(Investigaci\u00f3n Individual):\u00a0\u00abGenealog\u00eda del racismo en M\u00e9xico\u00bb\u00a0(Rafael Peralta Mart\u00ednez)<\/li>\n<\/ul>\n","protected":false},"excerpt":{"rendered":"<p>En este programa de investigaci\u00f3n nos dedicamos al estudio geneal\u00f3gico de los diferentes procesos de formaci\u00f3n cultural de las sociedades contempor\u00e1neas, con la intenci\u00f3n de formar diagn\u00f3sticos sobre la emergencia, la organizaci\u00f3n, activaci\u00f3n y funcionamiento de sus dispositivos de control &hellip; <a href=\"https:\/\/estudiosgenealogicos.org\/choreno\/proyectos-de-investigacion\/genealogia-de-la-violencia\/\">Sigue leyendo <span class=\"meta-nav\">&rarr;<\/span><\/a><\/p>\n","protected":false},"author":6,"featured_media":0,"parent":9,"menu_order":0,"comment_status":"open","ping_status":"open","template":"","meta":{"_bbp_topic_count":0,"_bbp_reply_count":0,"_bbp_total_topic_count":0,"_bbp_total_reply_count":0,"_bbp_voice_count":0,"_bbp_anonymous_reply_count":0,"_bbp_topic_count_hidden":0,"_bbp_reply_count_hidden":0,"_bbp_forum_subforum_count":0,"_crdt_document":"","footnotes":""},"class_list":["post-30","page","type-page","status-publish","hentry"],"jetpack_sharing_enabled":true,"_links":{"self":[{"href":"https:\/\/estudiosgenealogicos.org\/choreno\/wp-json\/wp\/v2\/pages\/30","targetHints":{"allow":["GET"]}}],"collection":[{"href":"https:\/\/estudiosgenealogicos.org\/choreno\/wp-json\/wp\/v2\/pages"}],"about":[{"href":"https:\/\/estudiosgenealogicos.org\/choreno\/wp-json\/wp\/v2\/types\/page"}],"author":[{"embeddable":true,"href":"https:\/\/estudiosgenealogicos.org\/choreno\/wp-json\/wp\/v2\/users\/6"}],"replies":[{"embeddable":true,"href":"https:\/\/estudiosgenealogicos.org\/choreno\/wp-json\/wp\/v2\/comments?post=30"}],"version-history":[{"count":6,"href":"https:\/\/estudiosgenealogicos.org\/choreno\/wp-json\/wp\/v2\/pages\/30\/revisions"}],"predecessor-version":[{"id":443,"href":"https:\/\/estudiosgenealogicos.org\/choreno\/wp-json\/wp\/v2\/pages\/30\/revisions\/443"}],"up":[{"embeddable":true,"href":"https:\/\/estudiosgenealogicos.org\/choreno\/wp-json\/wp\/v2\/pages\/9"}],"wp:attachment":[{"href":"https:\/\/estudiosgenealogicos.org\/choreno\/wp-json\/wp\/v2\/media?parent=30"}],"curies":[{"name":"wp","href":"https:\/\/api.w.org\/{rel}","templated":true}]}}