{"id":2,"date":"2014-09-22T05:46:59","date_gmt":"2014-09-22T05:46:59","guid":{"rendered":"http:\/\/estudiosgenealogicos.org\/formacioncultural\/?page_id=2"},"modified":"2020-04-17T10:44:15","modified_gmt":"2020-04-17T10:44:15","slug":"pagina-ejemplo","status":"publish","type":"page","link":"https:\/\/estudiosgenealogicos.org\/formacioncultural\/pagina-ejemplo\/","title":{"rendered":"Presentaci\u00f3n"},"content":{"rendered":"<p style=\"text-align: justify\">En este programa de investigaci\u00f3n nos dedicamos al estudio geneal\u00f3gico de los diferentes procesos de formaci\u00f3n cultural de las sociedades contempor\u00e1neas, con la intenci\u00f3n de formar diagn\u00f3sticos sobre la emergencia, la organizaci\u00f3n, activaci\u00f3n y funcionamiento de sus dispositivos de control pol\u00edtico. Para ello, la hip\u00f3tesis con la que hemos estado trabajado colectivamente, aunque s\u00f3lo sea como punto de partida, consiste en asumir que la principal caracter\u00edstica cultural de las sociedades contempor\u00e1neas, su marca inconfundible, consiste en estar inmersas \u2013casi inercialmente\u2013 en un movimiento cultural que parece estar orientado hacia la anulaci\u00f3n de la diversidad de los modos de vida o hacia su hundimiento en el m\u00e1s profundo&nbsp;<em>sinsentido<\/em>, y que es posible investigar los mecanismos culturales mediante los cuales se despliegan los efectos de poder de esta voluntad de anulaci\u00f3n y hundimiento, mediante el an\u00e1lisis de las relaciones de poder y del papel de la imagen y la imaginaci\u00f3n en la organizaci\u00f3n del poder medi\u00e1tico en las sociedades contempor\u00e1neas, es decir, en las sociedades de consumo, del espect\u00e1culo, del riesgo, de la complicidad totalitaria. El objetivo \u00faltimo de este programa de investigaci\u00f3n y de los distintos proyectos que comprende, es el reconocimiento de las condiciones de posibilidad para lograr oponer alg\u00fan tipo de resistencia o estrategia de liberaci\u00f3n pol\u00edtica de nuestra formaci\u00f3n cultural.<\/p>\n","protected":false},"excerpt":{"rendered":"<p>En este programa de investigaci\u00f3n nos dedicamos al estudio geneal\u00f3gico de los diferentes procesos de formaci\u00f3n cultural de las sociedades contempor\u00e1neas, con la intenci\u00f3n de formar diagn\u00f3sticos sobre la emergencia, la organizaci\u00f3n, activaci\u00f3n y funcionamiento de sus dispositivos de control pol\u00edtico. Para ello, la hip\u00f3tesis con la que hemos estado trabajado colectivamente, aunque s\u00f3lo sea &hellip; <\/p>\n<p class=\"link-more\"><a href=\"https:\/\/estudiosgenealogicos.org\/formacioncultural\/pagina-ejemplo\/\" class=\"more-link\">Continuar leyendo<span class=\"screen-reader-text\"> \u00abPresentaci\u00f3n\u00bb<\/span><\/a><\/p>\n","protected":false},"author":6,"featured_media":0,"parent":0,"menu_order":0,"comment_status":"open","ping_status":"open","template":"","meta":{"_bbp_topic_count":0,"_bbp_reply_count":0,"_bbp_total_topic_count":0,"_bbp_total_reply_count":0,"_bbp_voice_count":0,"_bbp_anonymous_reply_count":0,"_bbp_topic_count_hidden":0,"_bbp_reply_count_hidden":0,"_bbp_forum_subforum_count":0,"footnotes":""},"class_list":["post-2","page","type-page","status-publish","hentry"],"_links":{"self":[{"href":"https:\/\/estudiosgenealogicos.org\/formacioncultural\/wp-json\/wp\/v2\/pages\/2","targetHints":{"allow":["GET"]}}],"collection":[{"href":"https:\/\/estudiosgenealogicos.org\/formacioncultural\/wp-json\/wp\/v2\/pages"}],"about":[{"href":"https:\/\/estudiosgenealogicos.org\/formacioncultural\/wp-json\/wp\/v2\/types\/page"}],"author":[{"embeddable":true,"href":"https:\/\/estudiosgenealogicos.org\/formacioncultural\/wp-json\/wp\/v2\/users\/6"}],"replies":[{"embeddable":true,"href":"https:\/\/estudiosgenealogicos.org\/formacioncultural\/wp-json\/wp\/v2\/comments?post=2"}],"version-history":[{"count":3,"href":"https:\/\/estudiosgenealogicos.org\/formacioncultural\/wp-json\/wp\/v2\/pages\/2\/revisions"}],"predecessor-version":[{"id":283,"href":"https:\/\/estudiosgenealogicos.org\/formacioncultural\/wp-json\/wp\/v2\/pages\/2\/revisions\/283"}],"wp:attachment":[{"href":"https:\/\/estudiosgenealogicos.org\/formacioncultural\/wp-json\/wp\/v2\/media?parent=2"}],"curies":[{"name":"wp","href":"https:\/\/api.w.org\/{rel}","templated":true}]}}