{"id":141,"date":"2015-01-23T08:06:56","date_gmt":"2015-01-23T08:06:56","guid":{"rendered":"http:\/\/estudiosgenealogicos.org\/transitossutiles\/?page_id=141"},"modified":"2015-01-23T08:45:08","modified_gmt":"2015-01-23T08:45:08","slug":"eje-pedagogico","status":"publish","type":"page","link":"https:\/\/estudiosgenealogicos.org\/transitossutiles\/eje-pedagogico\/","title":{"rendered":"Eje pedag\u00f3gico"},"content":{"rendered":"<p align=\"right\">Cuando un ser humano es observado desde afuera \u2013 i.e. desde el punto de vista en tercera persona- el fen\u00f3meno del cuerpo humano es percibido. Pero cuando este mismo ser humano es observado desde un punto de vista en primera persona, desde su propio sentir propioceptivo, un fen\u00f3meno categ\u00f3ricamente diferente es percibido: el soma humano.<\/p>\n<p align=\"right\">Thomas Hanna, What\u2019s somatics?<\/p>\n<p>&nbsp;<\/p>\n<p><strong>Tr\u00e1nsitos Sutiles<\/strong>\u00a0 atiende y desarrolla una escucha profunda de las experiencias en primera persona \u00a0del ser humano para estructurar los instrumentos de an\u00e1lisis y sensibilizaci\u00f3n kinest\u00e9sicos, propioceptivos e interoceptivos que permitan a los sujetos reconocer sus capacidades como ciudadanos para describir, insertarse y modificar su entorno cotidiano. Todo ello, tomando como punto de partida la pr\u00e1ctica de los M\u00e9todos de Educaci\u00f3n Som\u00e1tica Feldenkrais y Body-Mind Movement.<\/p>\n<p>El eje pedag\u00f3gico de este N\u00facleo Creativo est\u00e1 \u00a0enfocado en recuperar las experiencias refinadas de hipersensibilizaci\u00f3n a trav\u00e9s del movimiento, \u00a0que se encuentran a la base de sus creaciones, en el desarrollo y la promoci\u00f3n de una Cultura Som\u00e1tica del Movimiento\u00a0capaz de colocar a los sujetos en la posici\u00f3n de coordinar sus esfuerzos y necesidades con los de su ambiente.<\/p>\n<p>Al procurar una \u00a0integraci\u00f3n de la percepci\u00f3n fragmentada \u00a0que los sujetos suelen tener de s\u00ed mismo, a trav\u00e9s de talleres y sesiones personalizadas que vuelven accesibles las experiencias de movimiento nutridas al interior del n\u00facleo, se acompa\u00f1a a los sujetos en la atenci\u00f3n consciente de sensaciones adormecidas, \u00a0el refinamiento de sus percepciones y la modulaci\u00f3n de sus respuestas; lo que les posibilita sentir, asumir y actuar en su entorno.<\/p>\n<p>En la presente secci\u00f3n encontrar\u00e1n una muestra de las distintas oportunidades que ha tenido Tr\u00e1nsitos Sutiles de compartir su experiencia, bajo dos formas: Talleres y Sesiones Personalizadas de los M\u00e9todos Feldenkrais y Body-Mind Movement, as\u00ed como de otros recursos para una Cultura Som\u00e1tica del Movimiento que han sido encontrados con la complementariedad entre ellos, otras pr\u00e1cticas de movimiento, y \u00a0los contextos \u00a0espec\u00edficos en los que se ha intervenido.<\/p>\n","protected":false},"excerpt":{"rendered":"<p>Cuando un ser humano es observado desde afuera \u2013 i.e. desde el punto de vista en tercera persona- el fen\u00f3meno del cuerpo humano es percibido. Pero cuando este mismo ser humano es observado desde un punto de vista en primera &hellip; <a href=\"https:\/\/estudiosgenealogicos.org\/transitossutiles\/eje-pedagogico\/\">Sigue leyendo <span class=\"meta-nav\">&rarr;<\/span><\/a><\/p>\n","protected":false},"author":4,"featured_media":0,"parent":0,"menu_order":0,"comment_status":"open","ping_status":"open","template":"","meta":{"_bbp_topic_count":0,"_bbp_reply_count":0,"_bbp_total_topic_count":0,"_bbp_total_reply_count":0,"_bbp_voice_count":0,"_bbp_anonymous_reply_count":0,"_bbp_topic_count_hidden":0,"_bbp_reply_count_hidden":0,"_bbp_forum_subforum_count":0,"footnotes":""},"class_list":["post-141","page","type-page","status-publish","hentry"],"_links":{"self":[{"href":"https:\/\/estudiosgenealogicos.org\/transitossutiles\/wp-json\/wp\/v2\/pages\/141","targetHints":{"allow":["GET"]}}],"collection":[{"href":"https:\/\/estudiosgenealogicos.org\/transitossutiles\/wp-json\/wp\/v2\/pages"}],"about":[{"href":"https:\/\/estudiosgenealogicos.org\/transitossutiles\/wp-json\/wp\/v2\/types\/page"}],"author":[{"embeddable":true,"href":"https:\/\/estudiosgenealogicos.org\/transitossutiles\/wp-json\/wp\/v2\/users\/4"}],"replies":[{"embeddable":true,"href":"https:\/\/estudiosgenealogicos.org\/transitossutiles\/wp-json\/wp\/v2\/comments?post=141"}],"version-history":[{"count":5,"href":"https:\/\/estudiosgenealogicos.org\/transitossutiles\/wp-json\/wp\/v2\/pages\/141\/revisions"}],"predecessor-version":[{"id":148,"href":"https:\/\/estudiosgenealogicos.org\/transitossutiles\/wp-json\/wp\/v2\/pages\/141\/revisions\/148"}],"wp:attachment":[{"href":"https:\/\/estudiosgenealogicos.org\/transitossutiles\/wp-json\/wp\/v2\/media?parent=141"}],"curies":[{"name":"wp","href":"https:\/\/api.w.org\/{rel}","templated":true}]}}